{"id":2968,"date":"2022-01-02T11:46:17","date_gmt":"2022-01-02T11:46:17","guid":{"rendered":"https:\/\/turismodesamos.com\/?page_id=2968"},"modified":"2022-01-02T13:03:31","modified_gmt":"2022-01-02T13:03:31","slug":"etapas","status":"publish","type":"page","link":"https:\/\/turismodesamos.com\/en\/etapas\/","title":{"rendered":"Etapas"},"content":{"rendered":"\t\t<div data-elementor-type=\"wp-page\" data-elementor-id=\"2968\" class=\"elementor elementor-2968\">\n\t\t\t\t\t\t<section class=\"elementor-section elementor-top-section elementor-element elementor-element-3ca4b7a elementor-section-boxed elementor-section-height-default elementor-section-height-default\" data-id=\"3ca4b7a\" data-element_type=\"section\">\n\t\t\t\t\t\t<div class=\"elementor-container elementor-column-gap-default\">\n\t\t\t\t\t<div class=\"elementor-column elementor-col-100 elementor-top-column elementor-element elementor-element-9b42f26\" data-id=\"9b42f26\" data-element_type=\"column\">\n\t\t\t<div class=\"elementor-widget-wrap elementor-element-populated\">\n\t\t\t\t\t\t<div class=\"elementor-element elementor-element-2783e30 elementor-widget elementor-widget-spacer\" data-id=\"2783e30\" data-element_type=\"widget\" data-widget_type=\"spacer.default\">\n\t\t\t\t<div class=\"elementor-widget-container\">\n\t\t\t\t\t\t\t<div class=\"elementor-spacer\">\n\t\t\t<div class=\"elementor-spacer-inner\"><\/div>\n\t\t<\/div>\n\t\t\t\t\t\t<\/div>\n\t\t\t\t<\/div>\n\t\t\t\t\t<\/div>\n\t\t<\/div>\n\t\t\t\t\t<\/div>\n\t\t<\/section>\n\t\t\t\t<section class=\"elementor-section elementor-top-section elementor-element elementor-element-cf07293 elementor-section-boxed elementor-section-height-default elementor-section-height-default\" data-id=\"cf07293\" data-element_type=\"section\">\n\t\t\t\t\t\t<div class=\"elementor-container elementor-column-gap-default\">\n\t\t\t\t\t<div class=\"elementor-column elementor-col-50 elementor-top-column elementor-element elementor-element-1ee4d0f\" data-id=\"1ee4d0f\" data-element_type=\"column\">\n\t\t\t<div class=\"elementor-widget-wrap elementor-element-populated\">\n\t\t\t\t\t\t<div class=\"elementor-element elementor-element-153f5e2 elementor-widget elementor-widget-spacer\" data-id=\"153f5e2\" data-element_type=\"widget\" data-widget_type=\"spacer.default\">\n\t\t\t\t<div class=\"elementor-widget-container\">\n\t\t\t\t\t\t\t<div class=\"elementor-spacer\">\n\t\t\t<div class=\"elementor-spacer-inner\"><\/div>\n\t\t<\/div>\n\t\t\t\t\t\t<\/div>\n\t\t\t\t<\/div>\n\t\t\t\t<div class=\"elementor-element elementor-element-e43846d elementor-invisible elementor-widget elementor-widget-heading\" data-id=\"e43846d\" data-element_type=\"widget\" data-settings=\"{&quot;_animation&quot;:&quot;fadeInLeft&quot;}\" data-widget_type=\"heading.default\">\n\t\t\t\t<div class=\"elementor-widget-container\">\n\t\t\t\t\t<h2 class=\"elementor-heading-title elementor-size-default\">Dous Caminos<\/h2>\t\t\t\t<\/div>\n\t\t\t\t<\/div>\n\t\t\t\t<div class=\"elementor-element elementor-element-901bdc0 elementor-invisible elementor-widget elementor-widget-text-editor\" data-id=\"901bdc0\" data-element_type=\"widget\" data-settings=\"{&quot;_animation&quot;:&quot;fadeInLeft&quot;}\" data-widget_type=\"text-editor.default\">\n\t\t\t\t<div class=\"elementor-widget-container\">\n\t\t\t\t\t\t\t\t\t<p>Sen lugar a d\u00fabida o Cami\u00f1o de Santiago ao seu paso polo noso Concello t\u00e9n unha excepcionalidade que roza a rexinalidade. Samos en vez de ter un s\u00f3 Cami\u00f1o ten dous. Totalmente diferentes, excepcionais e ao mesmo tempo m\u00e1xicos.<\/p><p>Elixas cal elixas ao sa\u00edr de Triacastela vivir\u00e1s a esencia do Cami\u00f1o de Santiago. Para os que te\u00f1en m\u00e1is presa ter\u00e1n que escoller a variante de San Xil que \u00e9 m\u00e1is curta, pero para o peregrino m\u00e1is pousado ou espiritual ter\u00e1n que coller o &#8220;Cami\u00f1o Real&#8221; que pasa pola Abad\u00eda de Samos.<\/p><p>A elecci\u00f3n \u00e9 vosa peregrinos! Non fagades caso ao que vos digan!<\/p><p>Ofrec\u00e9mosche tres posibilidades que poden pasar: que pases por Samos (en calquera das d\u00faas variantes) ou ben que ve\u00f1as durmir a Samos e saias ao d\u00eda seguinte).<\/p>\t\t\t\t\t\t\t\t<\/div>\n\t\t\t\t<\/div>\n\t\t\t\t\t<\/div>\n\t\t<\/div>\n\t\t\t\t<div class=\"elementor-column elementor-col-50 elementor-top-column elementor-element elementor-element-a9a0c8f\" data-id=\"a9a0c8f\" data-element_type=\"column\">\n\t\t\t<div class=\"elementor-widget-wrap elementor-element-populated\">\n\t\t\t\t\t\t<div class=\"elementor-element elementor-element-fde4335 elementor-widget elementor-widget-spacer\" data-id=\"fde4335\" data-element_type=\"widget\" data-widget_type=\"spacer.default\">\n\t\t\t\t<div class=\"elementor-widget-container\">\n\t\t\t\t\t\t\t<div class=\"elementor-spacer\">\n\t\t\t<div class=\"elementor-spacer-inner\"><\/div>\n\t\t<\/div>\n\t\t\t\t\t\t<\/div>\n\t\t\t\t<\/div>\n\t\t\t\t<div class=\"elementor-element elementor-element-9be75bb elementor-widget elementor-widget-spacer\" data-id=\"9be75bb\" data-element_type=\"widget\" data-widget_type=\"spacer.default\">\n\t\t\t\t<div class=\"elementor-widget-container\">\n\t\t\t\t\t\t\t<div class=\"elementor-spacer\">\n\t\t\t<div class=\"elementor-spacer-inner\"><\/div>\n\t\t<\/div>\n\t\t\t\t\t\t<\/div>\n\t\t\t\t<\/div>\n\t\t\t\t<div class=\"elementor-element elementor-element-522f4f2 elementor-invisible elementor-widget elementor-widget-image\" data-id=\"522f4f2\" data-element_type=\"widget\" data-settings=\"{&quot;_animation&quot;:&quot;fadeInRight&quot;}\" data-widget_type=\"image.default\">\n\t\t\t\t<div class=\"elementor-widget-container\">\n\t\t\t\t\t\t\t\t\t\t\t\t\t\t\t<img fetchpriority=\"high\" decoding=\"async\" width=\"512\" height=\"288\" src=\"https:\/\/turismodesamos.com\/wp-content\/uploads\/2021\/01\/unnamed.jpg\" class=\"attachment-large size-large wp-image-2287\" alt=\"\" srcset=\"https:\/\/turismodesamos.com\/wp-content\/uploads\/2021\/01\/unnamed.jpg 512w, https:\/\/turismodesamos.com\/wp-content\/uploads\/2021\/01\/unnamed-300x169.jpg 300w\" sizes=\"(max-width: 512px) 100vw, 512px\" \/>\t\t\t\t\t\t\t\t\t\t\t\t\t\t\t<\/div>\n\t\t\t\t<\/div>\n\t\t\t\t\t<\/div>\n\t\t<\/div>\n\t\t\t\t\t<\/div>\n\t\t<\/section>\n\t\t\t\t<section class=\"elementor-section elementor-top-section elementor-element elementor-element-2b71290 elementor-section-boxed elementor-section-height-default elementor-section-height-default\" data-id=\"2b71290\" data-element_type=\"section\">\n\t\t\t\t\t\t<div class=\"elementor-container elementor-column-gap-default\">\n\t\t\t\t\t<div class=\"elementor-column elementor-col-100 elementor-top-column elementor-element elementor-element-4a5a7aa\" data-id=\"4a5a7aa\" data-element_type=\"column\">\n\t\t\t<div class=\"elementor-widget-wrap elementor-element-populated\">\n\t\t\t\t\t\t<div class=\"elementor-element elementor-element-29e0602 elementor-widget elementor-widget-spacer\" data-id=\"29e0602\" data-element_type=\"widget\" data-widget_type=\"spacer.default\">\n\t\t\t\t<div class=\"elementor-widget-container\">\n\t\t\t\t\t\t\t<div class=\"elementor-spacer\">\n\t\t\t<div class=\"elementor-spacer-inner\"><\/div>\n\t\t<\/div>\n\t\t\t\t\t\t<\/div>\n\t\t\t\t<\/div>\n\t\t\t\t\t<\/div>\n\t\t<\/div>\n\t\t\t\t\t<\/div>\n\t\t<\/section>\n\t\t\t\t<section class=\"elementor-section elementor-top-section elementor-element elementor-element-0eb53ba elementor-section-boxed elementor-section-height-default elementor-section-height-default\" data-id=\"0eb53ba\" data-element_type=\"section\">\n\t\t\t\t\t\t<div class=\"elementor-container elementor-column-gap-default\">\n\t\t\t\t\t<div class=\"elementor-column elementor-col-100 elementor-top-column elementor-element elementor-element-3beea04\" data-id=\"3beea04\" data-element_type=\"column\">\n\t\t\t<div class=\"elementor-widget-wrap elementor-element-populated\">\n\t\t\t\t\t\t<div class=\"elementor-element elementor-element-8019136 elementor-invisible elementor-widget elementor-widget-heading\" data-id=\"8019136\" data-element_type=\"widget\" data-settings=\"{&quot;_animation&quot;:&quot;fadeInLeft&quot;}\" data-widget_type=\"heading.default\">\n\t\t\t\t<div class=\"elementor-widget-container\">\n\t\t\t\t\t<h2 class=\"elementor-heading-title elementor-size-default\">Triacastela - Sarria (por Samos)<\/h2>\t\t\t\t<\/div>\n\t\t\t\t<\/div>\n\t\t\t\t\t<\/div>\n\t\t<\/div>\n\t\t\t\t\t<\/div>\n\t\t<\/section>\n\t\t\t\t<section class=\"elementor-section elementor-top-section elementor-element elementor-element-897ed29 elementor-section-boxed elementor-section-height-default elementor-section-height-default elementor-invisible\" data-id=\"897ed29\" data-element_type=\"section\" data-settings=\"{&quot;animation&quot;:&quot;fadeInUp&quot;}\">\n\t\t\t\t\t\t<div class=\"elementor-container elementor-column-gap-default\">\n\t\t\t\t\t<div class=\"elementor-column elementor-col-100 elementor-top-column elementor-element elementor-element-e50f6c4\" data-id=\"e50f6c4\" data-element_type=\"column\">\n\t\t\t<div class=\"elementor-widget-wrap elementor-element-populated\">\n\t\t\t\t\t\t<div class=\"elementor-element elementor-element-44c0f45 elementor-widget elementor-widget-eael-adv-tabs\" data-id=\"44c0f45\" data-element_type=\"widget\" data-widget_type=\"eael-adv-tabs.default\">\n\t\t\t\t<div class=\"elementor-widget-container\">\n\t\t\t\t\t        <div data-scroll-on-click=\"no\" data-scroll-speed=\"300\" id=\"eael-advance-tabs-44c0f45\" class=\"eael-advance-tabs eael-tabs-vertical eael-tab-auto-active \" data-tabid=\"44c0f45\">\n            <div class=\"eael-tabs-nav \">\n                <ul class=\"eael-tab-inline-icon\" role=\"tablist\">\n                                            <li id=\"introduccin\" class=\"inactive eael-tab-item-trigger eael-tab-nav-item\" aria-selected=\"true\" data-tab=\"1\" role=\"tab\" tabindex=\"0\" aria-controls=\"introduccin-tab\" aria-expanded=\"false\">\n                            \n                                                                                                                            \n                                                            <span class=\"eael-tab-title title-after-icon\" >Introducci\u00f3n<\/span>                            \n                                                    <\/li>\n                                            <li id=\"triacastela-san-cristovo-do-real\" class=\"inactive eael-tab-item-trigger eael-tab-nav-item\" aria-selected=\"false\" data-tab=\"2\" role=\"tab\" tabindex=\"-1\" aria-controls=\"triacastela-san-cristovo-do-real-tab\" aria-expanded=\"false\">\n                            \n                                                        \n                                                            <span class=\"eael-tab-title title-after-icon\" >Triacastela &#8211; San Cristovo do Real<\/span>                            \n                                                    <\/li>\n                                            <li id=\"san-cristovo-do-real-samos\" class=\"inactive eael-tab-item-trigger eael-tab-nav-item\" aria-selected=\"false\" data-tab=\"3\" role=\"tab\" tabindex=\"-1\" aria-controls=\"san-cristovo-do-real-samos-tab\" aria-expanded=\"false\">\n                            \n                                                        \n                                                            <span class=\"eael-tab-title title-after-icon\" >San Cristovo do Real &#8211; Samos<\/span>                            \n                                                    <\/li>\n                                            <li id=\"samos-pascais\" class=\"inactive eael-tab-item-trigger eael-tab-nav-item\" aria-selected=\"false\" data-tab=\"4\" role=\"tab\" tabindex=\"-1\" aria-controls=\"samos-pascais-tab\" aria-expanded=\"false\">\n                            \n                                                        \n                                                            <span class=\"eael-tab-title title-after-icon\" >Samos &#8211; Pascais<\/span>                            \n                                                    <\/li>\n                                            <li id=\"pascais-a-guiada\" class=\"inactive eael-tab-item-trigger eael-tab-nav-item\" aria-selected=\"false\" data-tab=\"5\" role=\"tab\" tabindex=\"-1\" aria-controls=\"pascais-a-guiada-tab\" aria-expanded=\"false\">\n                            \n                                                        \n                                                            <span class=\"eael-tab-title title-after-icon\" >Pascais &#8211; A Guiada<\/span>                            \n                                                    <\/li>\n                                            <li id=\"a-guiada-sarria\" class=\"inactive eael-tab-item-trigger eael-tab-nav-item\" aria-selected=\"false\" data-tab=\"6\" role=\"tab\" tabindex=\"-1\" aria-controls=\"a-guiada-sarria-tab\" aria-expanded=\"false\">\n                            \n                                                        \n                                                            <span class=\"eael-tab-title title-after-icon\" >A Guiada &#8211; Sarria<\/span>                            \n                                                    <\/li>\n                    \n                                  <\/ul>\n            <\/div>\n            \n            <div class=\"eael-tabs-content\">\n\t\t        \n                    <div id=\"introduccin-tab\" class=\"clearfix eael-tab-content-item inactive\" data-title-link=\"introduccin-tab\">\n\t\t\t\t        <p>A variante de\u00a0<strong>Samos<\/strong> vai cara ao sur pola contorna do r\u00edo Sarria, e ofrece fermosas paisaxes e numerosos exemplos da arquitectura popular galega. Dir\u00edxese indiscutiblemente ao Mosteiro de Samos, un dos m\u00e1is antigos de Occidente (s\u00e9culo VI).<\/p><p>O Cami\u00f1o v\u00f3lvese bastante sinxelo e vai en todo momento rodeado por natureza que ao chegar a Samos descubre o Mosteiro en toda a s\u00faa grandiosidade.<\/p><p>Logo de visitar Samos, ter\u00e1s a posibilidade de ir ata Sarria polo cami\u00f1o da estrada (un sendeiro a car\u00f3n da LU-633); NON O FAGAS, vai por este sendeiro e unha vez que pases a aldea de Teigu\u00edn toma o Cami\u00f1o cara Pascais.<\/p><p>Lonxitude: 25,1 km<\/p><p>Dificultade: media-baixa<\/p>                    <\/div>\n\t\t        \n                    <div id=\"triacastela-san-cristovo-do-real-tab\" class=\"clearfix eael-tab-content-item inactive\" data-title-link=\"triacastela-san-cristovo-do-real-tab\">\n\t\t\t\t        <p>D\u00e9ixase \u00e1 man esquerda o Concello e o Monumento ao Peregrino e b\u00e1ixase \u00e1 estrada cruzando unha ponte sobre o r\u00edo Sarria.<\/p><p>Contin\u00faase logo pola estrada xeral e p\u00e1sase un merendeiro e unha \u00e1rea recreativa \u00e1 beira do r\u00edo, ata chegar a\u00a0<strong>San Cristovo do Real<\/strong>\u00a0onde, xusto \u00e1 entrada da vila, hai que tomar un desv\u00edo sinalizado \u00e1 dereita, que descende cara \u00e1 parte inferior da vila, xunto ao r\u00edo.<\/p><p>Lonxitude: 4,3 km<\/p><p>Dificultade: media-baixa<\/p>                    <\/div>\n\t\t        \n                    <div id=\"san-cristovo-do-real-samos-tab\" class=\"clearfix eael-tab-content-item inactive\" data-title-link=\"san-cristovo-do-real-samos-tab\">\n\t\t\t\t        <p>Deixando a\u00a0<strong>igrexa de San Cristovo<\/strong>\u00a0\u00e1 man esquerda, a ruta cruza o Sarria por d\u00faas ponti\u00f1as, unha delas con lavadoiro. Contin\u00faa e deixa o cemiterio \u00e1 esquerda, para logo tomar un cami\u00f1o \u00e1 dereita que discorre entre frondosos casti\u00f1eiros.<\/p><p>Unha vez pasados\u00a0<strong>Renche, Lastres e Freituxe<\/strong>, onde hai un merendeiro, ch\u00e9gase a\u00a0<strong>San Marti\u00f1o do <\/strong><strong>Real<\/strong>\u00a0e, despois dunha serie de baixadas pronunciadas, estamos en\u00a0<strong>Samos<\/strong>, onde ademais do espectacular\u00a0mosteiro\u00a0se poden atopar todos os servizos que necesita o peregrino.<\/p><p>Lonxitude: 5,6 km<\/p><p>Dificultade: baixa<\/p>                    <\/div>\n\t\t        \n                    <div id=\"samos-pascais-tab\" class=\"clearfix eael-tab-content-item inactive\" data-title-link=\"samos-pascais-tab\">\n\t\t\t\t        <p>Tras unha visita ao\u00a0mosteiro\u00a0e \u00e1\u00a0capela do Cipr\u00e9s, aband\u00f3nase\u00a0<strong>Samos<\/strong>\u00a0pola estrada en direcci\u00f3n a\u00a0<strong>Sarria<\/strong>, mentres o r\u00edo queda \u00e1 esquerda. S\u00e9guese cami\u00f1ando por estrada ata\u00a0<strong>Teigu\u00edn<\/strong>, onde se colle pola marxe do r\u00edo ata chegar \u00e1 entrada de\u00a0<strong>Pascais<\/strong>.<\/p><p>En\u00a0<strong>Pascais<\/strong>, baixando \u00e1 esquerda por un cami\u00f1o de pedras atravesado por un arroio, at\u00f3pase a\u00a0igrexa de Santalla de Pascais\u00a0e a s\u00faa casa reitoral.<\/p><p>Lonxitude: 2,1 km<\/p><p>Dificultade: media-baixa<\/p>                    <\/div>\n\t\t        \n                    <div id=\"pascais-a-guiada-tab\" class=\"clearfix eael-tab-content-item inactive\" data-title-link=\"pascais-a-guiada-tab\">\n\t\t\t\t        <p>S\u00e9guese ent\u00f3n direcci\u00f3n\u00a0<strong>Gorolfe<\/strong>, onde se cruza a ponte para seguir logo as indicaci\u00f3ns a<strong>\u00a0Reiriz<\/strong>.<\/p><p>De cami\u00f1o a\u00a0<strong>Sivil<\/strong>, e co r\u00edo \u00e1 esquerda, o terreo \u00e9 bastante plano. Logo contin\u00faa cara a\u00a0<strong>Aguiada<\/strong>, a uns 4 km de\u00a0<strong>Sarria<\/strong>.<\/p><p>Lonxitude: 8,3 km<\/p><p>Dificultade: media-baixa<\/p>                    <\/div>\n\t\t        \n                    <div id=\"a-guiada-sarria-tab\" class=\"clearfix eael-tab-content-item inactive\" data-title-link=\"a-guiada-sarria-tab\">\n\t\t\t\t        <p>Cruzamos\u00a0<strong>Aguiada<\/strong>\u00a0ata chegar \u00e1 estrada, onde a variante de\u00a0<strong>Samos<\/strong>\u00a0se une coa de\u00a0<strong>San Xil<\/strong>, para finalizar a etapa en\u00a0Sarria.<\/p><p>A entrada en\u00a0<strong>Sarria<\/strong>\u00a0e o percorrido ata o\u00a0albergue\u00a0est\u00e1n perfectamente sinalizados con cunchas no chan e frechas amarelas.<\/p><p>Lonxitude: 4,7 km<\/p><p>Dificultade: media-baixa<\/p>                    <\/div>\n\t\t                    <\/div>\n        <\/div>\n\t\t\t\t<\/div>\n\t\t\t\t<\/div>\n\t\t\t\t\t<\/div>\n\t\t<\/div>\n\t\t\t\t\t<\/div>\n\t\t<\/section>\n\t\t\t\t<section class=\"elementor-section elementor-top-section elementor-element elementor-element-c1d8c7c elementor-section-boxed elementor-section-height-default elementor-section-height-default\" data-id=\"c1d8c7c\" data-element_type=\"section\">\n\t\t\t\t\t\t<div class=\"elementor-container elementor-column-gap-default\">\n\t\t\t\t\t<div class=\"elementor-column elementor-col-100 elementor-top-column elementor-element elementor-element-7e52df6\" data-id=\"7e52df6\" data-element_type=\"column\">\n\t\t\t<div class=\"elementor-widget-wrap elementor-element-populated\">\n\t\t\t\t\t\t<div class=\"elementor-element elementor-element-fe1cca8 elementor-widget elementor-widget-spacer\" data-id=\"fe1cca8\" data-element_type=\"widget\" data-widget_type=\"spacer.default\">\n\t\t\t\t<div class=\"elementor-widget-container\">\n\t\t\t\t\t\t\t<div class=\"elementor-spacer\">\n\t\t\t<div class=\"elementor-spacer-inner\"><\/div>\n\t\t<\/div>\n\t\t\t\t\t\t<\/div>\n\t\t\t\t<\/div>\n\t\t\t\t\t<\/div>\n\t\t<\/div>\n\t\t\t\t\t<\/div>\n\t\t<\/section>\n\t\t\t\t<section class=\"elementor-section elementor-top-section elementor-element elementor-element-aa5808e elementor-section-boxed elementor-section-height-default elementor-section-height-default\" data-id=\"aa5808e\" data-element_type=\"section\">\n\t\t\t\t\t\t<div class=\"elementor-container elementor-column-gap-default\">\n\t\t\t\t\t<div class=\"elementor-column elementor-col-100 elementor-top-column elementor-element elementor-element-94d8b96\" data-id=\"94d8b96\" data-element_type=\"column\">\n\t\t\t<div class=\"elementor-widget-wrap elementor-element-populated\">\n\t\t\t\t\t\t<div class=\"elementor-element elementor-element-a49f353 elementor-invisible elementor-widget elementor-widget-heading\" data-id=\"a49f353\" data-element_type=\"widget\" data-settings=\"{&quot;_animation&quot;:&quot;fadeInLeft&quot;}\" data-widget_type=\"heading.default\">\n\t\t\t\t<div class=\"elementor-widget-container\">\n\t\t\t\t\t<h2 class=\"elementor-heading-title elementor-size-default\">Triacastela - Sarria (por San Xil)<\/h2>\t\t\t\t<\/div>\n\t\t\t\t<\/div>\n\t\t\t\t\t<\/div>\n\t\t<\/div>\n\t\t\t\t\t<\/div>\n\t\t<\/section>\n\t\t\t\t<section class=\"elementor-section elementor-top-section elementor-element elementor-element-6564276 elementor-section-boxed elementor-section-height-default elementor-section-height-default elementor-invisible\" data-id=\"6564276\" data-element_type=\"section\" data-settings=\"{&quot;animation&quot;:&quot;fadeInUp&quot;}\">\n\t\t\t\t\t\t<div class=\"elementor-container elementor-column-gap-default\">\n\t\t\t\t\t<div class=\"elementor-column elementor-col-100 elementor-top-column elementor-element elementor-element-fcd7c7d\" data-id=\"fcd7c7d\" data-element_type=\"column\">\n\t\t\t<div class=\"elementor-widget-wrap elementor-element-populated\">\n\t\t\t\t\t\t<div class=\"elementor-element elementor-element-093e532 elementor-widget elementor-widget-eael-adv-tabs\" data-id=\"093e532\" data-element_type=\"widget\" data-widget_type=\"eael-adv-tabs.default\">\n\t\t\t\t<div class=\"elementor-widget-container\">\n\t\t\t\t\t        <div data-scroll-on-click=\"no\" data-scroll-speed=\"300\" id=\"eael-advance-tabs-093e532\" class=\"eael-advance-tabs eael-tabs-vertical eael-tab-auto-active \" data-tabid=\"093e532\">\n            <div class=\"eael-tabs-nav \">\n                <ul class=\"eael-tab-inline-icon\" role=\"tablist\">\n                                            <li id=\"introduccin\" class=\"inactive eael-tab-item-trigger eael-tab-nav-item\" aria-selected=\"true\" data-tab=\"1\" role=\"tab\" tabindex=\"0\" aria-controls=\"introduccin-tab\" aria-expanded=\"false\">\n                            \n                                                                                                                            \n                                                            <span class=\"eael-tab-title title-after-icon\" >Introducci\u00f3n<\/span>                            \n                                                    <\/li>\n                                            <li id=\"triacastela-san-xil\" class=\"inactive eael-tab-item-trigger eael-tab-nav-item\" aria-selected=\"false\" data-tab=\"2\" role=\"tab\" tabindex=\"-1\" aria-controls=\"triacastela-san-xil-tab\" aria-expanded=\"false\">\n                            \n                                                        \n                                                            <span class=\"eael-tab-title title-after-icon\" >Triacastela &#8211; San Xil<\/span>                            \n                                                    <\/li>\n                                            <li id=\"san-xil-a-guiada\" class=\"inactive eael-tab-item-trigger eael-tab-nav-item\" aria-selected=\"false\" data-tab=\"3\" role=\"tab\" tabindex=\"-1\" aria-controls=\"san-xil-a-guiada-tab\" aria-expanded=\"false\">\n                            \n                                                        \n                                                            <span class=\"eael-tab-title title-after-icon\" >San Xil &#8211; A Guiada<\/span>                            \n                                                    <\/li>\n                                            <li id=\"a-guiada-sarria\" class=\"inactive eael-tab-item-trigger eael-tab-nav-item\" aria-selected=\"false\" data-tab=\"4\" role=\"tab\" tabindex=\"-1\" aria-controls=\"a-guiada-sarria-tab\" aria-expanded=\"false\">\n                            \n                                                        \n                                                            <span class=\"eael-tab-title title-after-icon\" >A Guiada &#8211; Sarria<\/span>                            \n                                                    <\/li>\n                    \n                                  <\/ul>\n            <\/div>\n            \n            <div class=\"eael-tabs-content\">\n\t\t        \n                    <div id=\"introduccin-tab\" class=\"clearfix eael-tab-content-item inactive\" data-title-link=\"introduccin-tab\">\n\t\t\t\t        <p>Desde<strong>\u00a0Triacastela<\/strong>, pasando por\u00a0<strong>San Xil<\/strong>\u00a0, o cami\u00f1o discorre rumbo a\u00a0<strong>Sarria<\/strong>\u00a0a trav\u00e9s dunha cadea de pequenas localidades de tradici\u00f3n xacobea, como\u00a0<strong>A Balsa, Mont\u00e1n, Pint\u00edn, Calvor<\/strong>\u00a0e\u00a0<strong>San Mamede do Cami\u00f1o<\/strong>.<\/p><p>Lonxitude: 18 km<\/p><p>Dificultade: media-baixa<\/p>                    <\/div>\n\t\t        \n                    <div id=\"triacastela-san-xil-tab\" class=\"clearfix eael-tab-content-item inactive\" data-title-link=\"triacastela-san-xil-tab\">\n\t\t\t\t        <p>O percorrido parte do\u00a0<strong>albergue de Triacastela<\/strong>\u00a0cara ao centro da vila, e pasa pola\u00a0igrexa de Santiago\u00a0e o seu camposanto para chegar ao antigo hospital de peregrinos, onde unha frecha indica a direcci\u00f3n que hai que seguir.<\/p><p>Unha vez pasados a estrada xeral e o parque infantil, hai un sinal indicativo do cami\u00f1o a\u00a0<strong>San Xil<\/strong>, \u00e1 dereita e costa abaixo; a\u00a0<strong>variante<\/strong>\u00a0<strong>de Samos<\/strong>\u00a0t\u00f3mase na direcci\u00f3n oposta, cara \u00e1 esquerda.<\/p><p>Lonxitude: 3,4 km<\/p><p>Dificultade: media-baixa<\/p>                    <\/div>\n\t\t        \n                    <div id=\"san-xil-a-guiada-tab\" class=\"clearfix eael-tab-content-item inactive\" data-title-link=\"san-xil-a-guiada-tab\">\n\t\t\t\t        <p>Se optamos por esta variante de\u00a0<strong>San Xil<\/strong>, a ruta pres\u00e9ntase en baixada ata\u00a0<strong>Aguiada<\/strong>. O cami\u00f1o pasa polas pequenas aldeas de\u00a0<strong>Mont\u00e1n<\/strong>,\u00a0<strong>Fontearcuda<\/strong>\u00a0e\u00a0<strong>Furela<\/strong>, e reg\u00e1lanos fermosas paisaxes de bosque aut\u00f3ctono. Desde\u00a0<strong>Furela<\/strong>\u00a0dirix\u00edmonos ata\u00a0<strong>Pint\u00edn<\/strong>. Antes de chegar a\u00a0<strong>Aguiada<\/strong>, achegar\u00e9monos a\u00a0<strong>Calvor<\/strong>, xa no municipio de\u00a0<strong>Sarria<\/strong>. A ruta pasa por diante do\u00a0<strong>albergue<\/strong>\u00a0da Rede P\u00fablica de Albergues do Cami\u00f1o de Santiago en Galicia.<\/p><p>Lonxitude: 10 km<\/p><p>Dificultade: baixa<\/p>                    <\/div>\n\t\t        \n                    <div id=\"a-guiada-sarria-tab\" class=\"clearfix eael-tab-content-item inactive\" data-title-link=\"a-guiada-sarria-tab\">\n\t\t\t\t        <p>Cruzamos\u00a0<strong>Aguiada<\/strong>\u00a0ata chegar \u00e1 estrada, onde a variante de\u00a0<strong>Samos<\/strong>\u00a0se une coa de\u00a0<strong>San Xil<\/strong>, para finalizar a etapa en\u00a0Sarria.<\/p><p>A entrada en\u00a0<strong>Sarria<\/strong>\u00a0e o percorrido ata o\u00a0albergue\u00a0est\u00e1n perfectamente sinalizados con cunchas no chan e frechas amarelas.<\/p><p>Lonxitude: 4,7\u00a0 km<\/p><p>Dificultade: media-baixa<\/p>                    <\/div>\n\t\t                    <\/div>\n        <\/div>\n\t\t\t\t<\/div>\n\t\t\t\t<\/div>\n\t\t\t\t\t<\/div>\n\t\t<\/div>\n\t\t\t\t\t<\/div>\n\t\t<\/section>\n\t\t\t\t<section class=\"elementor-section elementor-top-section elementor-element elementor-element-064837d elementor-section-boxed elementor-section-height-default elementor-section-height-default\" data-id=\"064837d\" data-element_type=\"section\">\n\t\t\t\t\t\t<div class=\"elementor-container elementor-column-gap-default\">\n\t\t\t\t\t<div class=\"elementor-column elementor-col-100 elementor-top-column elementor-element elementor-element-c942f4f\" data-id=\"c942f4f\" data-element_type=\"column\">\n\t\t\t<div class=\"elementor-widget-wrap elementor-element-populated\">\n\t\t\t\t\t\t<div class=\"elementor-element elementor-element-5c244f2 elementor-widget elementor-widget-spacer\" data-id=\"5c244f2\" data-element_type=\"widget\" data-widget_type=\"spacer.default\">\n\t\t\t\t<div class=\"elementor-widget-container\">\n\t\t\t\t\t\t\t<div class=\"elementor-spacer\">\n\t\t\t<div class=\"elementor-spacer-inner\"><\/div>\n\t\t<\/div>\n\t\t\t\t\t\t<\/div>\n\t\t\t\t<\/div>\n\t\t\t\t\t<\/div>\n\t\t<\/div>\n\t\t\t\t\t<\/div>\n\t\t<\/section>\n\t\t\t\t<section class=\"elementor-section elementor-top-section elementor-element elementor-element-ce72e2a elementor-section-boxed elementor-section-height-default elementor-section-height-default\" data-id=\"ce72e2a\" data-element_type=\"section\">\n\t\t\t\t\t\t<div class=\"elementor-container elementor-column-gap-default\">\n\t\t\t\t\t<div class=\"elementor-column elementor-col-50 elementor-top-column elementor-element elementor-element-284c4b4\" data-id=\"284c4b4\" data-element_type=\"column\">\n\t\t\t<div class=\"elementor-widget-wrap elementor-element-populated\">\n\t\t\t\t\t\t<div class=\"elementor-element elementor-element-1e4781f elementor-invisible elementor-widget elementor-widget-heading\" data-id=\"1e4781f\" data-element_type=\"widget\" data-settings=\"{&quot;_animation&quot;:&quot;fadeInLeft&quot;}\" data-widget_type=\"heading.default\">\n\t\t\t\t<div class=\"elementor-widget-container\">\n\t\t\t\t\t<h2 class=\"elementor-heading-title elementor-size-default\">Samos - Portomar\u00edn<\/h2>\t\t\t\t<\/div>\n\t\t\t\t<\/div>\n\t\t\t\t\t<\/div>\n\t\t<\/div>\n\t\t\t\t<div class=\"elementor-column elementor-col-50 elementor-top-column elementor-element elementor-element-0bac539\" data-id=\"0bac539\" data-element_type=\"column\">\n\t\t\t<div class=\"elementor-widget-wrap\">\n\t\t\t\t\t\t\t<\/div>\n\t\t<\/div>\n\t\t\t\t\t<\/div>\n\t\t<\/section>\n\t\t\t\t<section class=\"elementor-section elementor-top-section elementor-element elementor-element-213d241 elementor-section-boxed elementor-section-height-default elementor-section-height-default elementor-invisible\" data-id=\"213d241\" data-element_type=\"section\" data-settings=\"{&quot;animation&quot;:&quot;fadeInUp&quot;}\">\n\t\t\t\t\t\t<div class=\"elementor-container elementor-column-gap-default\">\n\t\t\t\t\t<div class=\"elementor-column elementor-col-100 elementor-top-column elementor-element elementor-element-42e9aaa\" data-id=\"42e9aaa\" data-element_type=\"column\">\n\t\t\t<div class=\"elementor-widget-wrap elementor-element-populated\">\n\t\t\t\t\t\t<div class=\"elementor-element elementor-element-6af4ae1 elementor-widget elementor-widget-eael-adv-tabs\" data-id=\"6af4ae1\" data-element_type=\"widget\" data-widget_type=\"eael-adv-tabs.default\">\n\t\t\t\t<div class=\"elementor-widget-container\">\n\t\t\t\t\t        <div data-scroll-on-click=\"no\" data-scroll-speed=\"300\" id=\"eael-advance-tabs-6af4ae1\" class=\"eael-advance-tabs eael-tabs-vertical eael-tab-auto-active \" data-tabid=\"6af4ae1\">\n            <div class=\"eael-tabs-nav \">\n                <ul class=\"eael-tab-inline-icon\" role=\"tablist\">\n                                            <li id=\"introduccin\" class=\"inactive eael-tab-item-trigger eael-tab-nav-item\" aria-selected=\"true\" data-tab=\"1\" role=\"tab\" tabindex=\"0\" aria-controls=\"introduccin-tab\" aria-expanded=\"false\">\n                            \n                                                                                                                            \n                                                            <span class=\"eael-tab-title title-after-icon\" >Introducci\u00f3n<\/span>                            \n                                                    <\/li>\n                                            <li id=\"samos-pascais\" class=\"inactive eael-tab-item-trigger eael-tab-nav-item\" aria-selected=\"false\" data-tab=\"2\" role=\"tab\" tabindex=\"-1\" aria-controls=\"samos-pascais-tab\" aria-expanded=\"false\">\n                            \n                                                        \n                                                            <span class=\"eael-tab-title title-after-icon\" >Samos &#8211; Pascais<\/span>                            \n                                                    <\/li>\n                                            <li id=\"pascais-a-guiada\" class=\"inactive eael-tab-item-trigger eael-tab-nav-item\" aria-selected=\"false\" data-tab=\"3\" role=\"tab\" tabindex=\"-1\" aria-controls=\"pascais-a-guiada-tab\" aria-expanded=\"false\">\n                            \n                                                        \n                                                            <span class=\"eael-tab-title title-after-icon\" >Pascais &#8211; A Guiada<\/span>                            \n                                                    <\/li>\n                                            <li id=\"a-guiada-sarria\" class=\"inactive eael-tab-item-trigger eael-tab-nav-item\" aria-selected=\"false\" data-tab=\"4\" role=\"tab\" tabindex=\"-1\" aria-controls=\"a-guiada-sarria-tab\" aria-expanded=\"false\">\n                            \n                                                        \n                                                            <span class=\"eael-tab-title title-after-icon\" >A Guiada &#8211; Sarria<\/span>                            \n                                                    <\/li>\n                                            <li id=\"sarria-barbadelo\" class=\"inactive eael-tab-item-trigger eael-tab-nav-item\" aria-selected=\"false\" data-tab=\"5\" role=\"tab\" tabindex=\"-1\" aria-controls=\"sarria-barbadelo-tab\" aria-expanded=\"false\">\n                            \n                                                                                                                            \n                                                            <span class=\"eael-tab-title title-after-icon\" >Sarria &#8211; Barbadelo<\/span>                            \n                                                    <\/li>\n                                            <li id=\"barbadelo-ferreiros\" class=\"inactive eael-tab-item-trigger eael-tab-nav-item\" aria-selected=\"false\" data-tab=\"6\" role=\"tab\" tabindex=\"-1\" aria-controls=\"barbadelo-ferreiros-tab\" aria-expanded=\"false\">\n                            \n                                                                                                                            \n                                                            <span class=\"eael-tab-title title-after-icon\" >Barbadelo &#8211; Ferreiros<\/span>                            \n                                                    <\/li>\n                                            <li id=\"ferreiros-portomarn\" class=\"inactive eael-tab-item-trigger eael-tab-nav-item\" aria-selected=\"false\" data-tab=\"7\" role=\"tab\" tabindex=\"-1\" aria-controls=\"ferreiros-portomarn-tab\" aria-expanded=\"false\">\n                            \n                                                                                                                            \n                                                            <span class=\"eael-tab-title title-after-icon\" >Ferreiros &#8211; Portomar\u00edn<\/span>                            \n                                                    <\/li>\n                    \n                                  <\/ul>\n            <\/div>\n            \n            <div class=\"eael-tabs-content\">\n\t\t        \n                    <div id=\"introduccin-tab\" class=\"clearfix eael-tab-content-item inactive\" data-title-link=\"introduccin-tab\">\n\t\t\t\t        <p>Plantexarse unha etapa de Samos a Portomar\u00edn pode ser complicado se non v\u00e9s afeito a cami\u00f1ar. Normalmente esta \u00e9 unha opci\u00f3n que toman peregrinos e peregrinas que ve\u00f1en dende Roncesvalles ou que se abastraen no Cami\u00f1o e te\u00f1en moi claro que non \u00e9 unha carreira de fondo. Hai que tomala con calma e tranquilidade porque a distancia \u00e9 respectable.<\/p><p>Lonxitude: 37,3 km<\/p><p>Dificultade: media-baixa<\/p><p>Nembargantes temos a positibilidade de facer o alto xusto antes de Portomar\u00edn na aldea de Ferreiros, se queremos fuxir sobre todo das masificaci\u00f3ns do ver\u00e1n ou se queremos ir un pouco a desm\u00e1n do mogoll\u00f3n. Aqu\u00ed podemos aloxarnos no <strong>Albergue de Ferreiros.<\/strong><\/p><p>Lonxitude: 28,6 km<\/p><p>Dificultade: media-baixa<\/p>                    <\/div>\n\t\t        \n                    <div id=\"samos-pascais-tab\" class=\"clearfix eael-tab-content-item inactive\" data-title-link=\"samos-pascais-tab\">\n\t\t\t\t        <p>Tras unha visita ao\u00a0mosteiro\u00a0e \u00e1\u00a0capela do Cipr\u00e9s, aband\u00f3nase\u00a0<strong>Samos<\/strong>\u00a0pola estrada en direcci\u00f3n a\u00a0<strong>Sarria<\/strong>, mentres o r\u00edo queda \u00e1 esquerda. S\u00e9guese cami\u00f1ando por estrada ata\u00a0<strong>Teigu\u00edn<\/strong>, onde se colle pola marxe do r\u00edo ata chegar \u00e1 entrada de\u00a0<strong>Pascais<\/strong>.<\/p><p>En\u00a0<strong>Pascais<\/strong>, baixando \u00e1 esquerda por un cami\u00f1o de pedras atravesado por un arroio, at\u00f3pase a\u00a0igrexa de Santalla de Pascais\u00a0e a s\u00faa casa reitoral.<\/p><p>Lonxitude: 2,1 km<\/p><p>Dificultade: media-baixa<\/p>                    <\/div>\n\t\t        \n                    <div id=\"pascais-a-guiada-tab\" class=\"clearfix eael-tab-content-item inactive\" data-title-link=\"pascais-a-guiada-tab\">\n\t\t\t\t        <p>S\u00e9guese ent\u00f3n direcci\u00f3n\u00a0<strong>Gorolfe<\/strong>, onde se cruza a ponte para seguir logo as indicaci\u00f3ns a<strong>\u00a0Reiriz<\/strong>.<\/p><p>De cami\u00f1o a\u00a0<strong>Sivil<\/strong>, e co r\u00edo \u00e1 esquerda, o terreo \u00e9 bastante plano. Logo contin\u00faa cara a\u00a0<strong>Aguiada<\/strong>, a uns 4 km de\u00a0<strong>Sarria<\/strong>.<\/p><p>Lonxitude: 8,3 km<\/p><p>Dificultade: media-baixa<\/p>                    <\/div>\n\t\t        \n                    <div id=\"a-guiada-sarria-tab\" class=\"clearfix eael-tab-content-item inactive\" data-title-link=\"a-guiada-sarria-tab\">\n\t\t\t\t        <p>Cruzamos\u00a0<strong>Aguiada<\/strong>\u00a0ata chegar \u00e1 estrada, onde a variante de\u00a0<strong>Samos<\/strong>\u00a0se une coa de\u00a0<strong>San Xil<\/strong>, para finalizar a etapa en\u00a0Sarria.<\/p><p>A entrada en\u00a0<strong>Sarria<\/strong>\u00a0e o percorrido ata o\u00a0albergue\u00a0est\u00e1n perfectamente sinalizados con cunchas no chan e frechas amarelas.<\/p><p>Lonxitude: 4,7 km<\/p><p>Dificultade: media-baixa<\/p>                    <\/div>\n\t\t        \n                    <div id=\"sarria-barbadelo-tab\" class=\"clearfix eael-tab-content-item inactive\" data-title-link=\"sarria-barbadelo-tab\">\n\t\t\t\t        <p>S\u00e1ese\u00a0<strong>Sarria<\/strong>\u00a0pasando pola igrexa parroquial de Santa Mari\u00f1a, a do Salvador, a\u00a0torre da antiga muralla\u00a0e o\u00a0convento da Madanela. Tras abandonar o casco urbano, unha baixada moi pronunciada conduce ata a\u00a0ponte da \u00c1spera.<\/p><p>Ao cruzar a ponte s\u00e9guese o traxecto da v\u00eda do tren ao longo de 1 km aproximadamente. Logo cr\u00fazase para subir a costa m\u00e1is dura da etapa e chegar despois por un cami\u00f1o chan ata\u00a0<strong>Barbadelo<\/strong>, onde se pode visitar a s\u00faa\u00a0igrexa de Santiago.\u00a0<\/p><p class=\"western\"><span lang=\"gl-ES\">Un itinerario alternativo dir\u00edxese directo cara a Ferreiros sen pasar por Barbadelo.<\/span><\/p><p>Lonxitude: 4,4 km<\/p><p>Dificultade: alta<\/p>                    <\/div>\n\t\t        \n                    <div id=\"barbadelo-ferreiros-tab\" class=\"clearfix eael-tab-content-item inactive\" data-title-link=\"barbadelo-ferreiros-tab\">\n\t\t\t\t        <p>O cami\u00f1o segue cara a\u00a0<strong>Rente<\/strong>\u00a0por un terreo en moi bo estado, pasando\u00a0<strong>Mercado da Serra, Leim\u00e1n<\/strong>\u00a0e\u00a0<strong>Peruscallo<\/strong>, onde empeza unha zona de regueiros, con beirav\u00edas e vereas de pedra para protexelos.<\/p><p>Unha vez pasados\u00a0<strong>Lavandeira, Casais, A Brea e Morgade<\/strong>, ch\u00e9gase tras unha dura subida a\u00a0<strong>Ferreiros<\/strong>, a primeira vila da\u00a0Ribeira Sacra lucense.<\/p><p>Lonxitude: 9,1 km<\/p><p>Dificultade: baixa<\/p>                    <\/div>\n\t\t        \n                    <div id=\"ferreiros-portomarn-tab\" class=\"clearfix eael-tab-content-item inactive\" data-title-link=\"ferreiros-portomarn-tab\">\n\t\t\t\t        <p>Tramo todo en descenso. Hai que tomar un desv\u00edo da estrada \u00e1 entrada de\u00a0<strong>Francos<\/strong>, e seguir por un cami\u00f1o pedregoso no que predominan as baixadas, mentres se pasa por numerosas pequenas aldeas. No val vanse alternando prados con construci\u00f3ns t\u00edpicas de teitos de lousa. O terreo nesta etapa \u00e9 moi desigual, principalmente descendente, con grandes fochas e pedras. Ao deixar atr\u00e1s este cami\u00f1o, desemb\u00f3case nunha estrada desde onde se obt\u00e9n unha primeira visi\u00f3n do\u00a0<strong>encoro de Belesar<\/strong>.<\/p><p>Ao cruzar a ponte sobre o encoro, o cami\u00f1o penetra na vila de\u00a0<strong>Portomar\u00edn<\/strong>\u00a0por unhas escaleiras que se atopan xusto enfronte da estrada e que conducen ao centro do lugar, onde se localiza o albergue, moi pr\u00f3ximo \u00e1s igrexas de\u00a0San Pedro\u00a0e de\u00a0San Nicolao, na mesma praza do Concello e na zona de soportais.<\/p><p><strong>Portomar\u00edn<\/strong>\u00a0\u00e9 unha vila de grande atractivo tur\u00edstico. A zona hist\u00f3rica est\u00e1 totalmente empedrada e ofrece todos os servizos. A\u00ednda que non ten praia fluvial, a xente aproveita o encoro para ba\u00f1arse nos meses de calor.<\/p><p>Lonxitude: 8,7 km<\/p><p>Dificultade: baixa<\/p>                    <\/div>\n\t\t                    <\/div>\n        <\/div>\n\t\t\t\t<\/div>\n\t\t\t\t<\/div>\n\t\t\t\t\t<\/div>\n\t\t<\/div>\n\t\t\t\t\t<\/div>\n\t\t<\/section>\n\t\t\t\t<section class=\"elementor-section elementor-top-section elementor-element elementor-element-b9cdfe0 elementor-section-boxed elementor-section-height-default elementor-section-height-default\" data-id=\"b9cdfe0\" data-element_type=\"section\">\n\t\t\t\t\t\t<div class=\"elementor-container elementor-column-gap-default\">\n\t\t\t\t\t<div class=\"elementor-column elementor-col-100 elementor-top-column elementor-element elementor-element-3e10660\" data-id=\"3e10660\" data-element_type=\"column\">\n\t\t\t<div class=\"elementor-widget-wrap elementor-element-populated\">\n\t\t\t\t\t\t<div class=\"elementor-element elementor-element-eca22ad elementor-widget elementor-widget-spacer\" data-id=\"eca22ad\" data-element_type=\"widget\" data-widget_type=\"spacer.default\">\n\t\t\t\t<div class=\"elementor-widget-container\">\n\t\t\t\t\t\t\t<div class=\"elementor-spacer\">\n\t\t\t<div class=\"elementor-spacer-inner\"><\/div>\n\t\t<\/div>\n\t\t\t\t\t\t<\/div>\n\t\t\t\t<\/div>\n\t\t\t\t\t<\/div>\n\t\t<\/div>\n\t\t\t\t\t<\/div>\n\t\t<\/section>\n\t\t\t\t<section class=\"elementor-section elementor-top-section elementor-element elementor-element-85a5e1a elementor-section-full_width elementor-section-height-default elementor-section-height-default\" data-id=\"85a5e1a\" data-element_type=\"section\">\n\t\t\t\t\t\t<div class=\"elementor-container elementor-column-gap-default\">\n\t\t\t\t\t<div class=\"elementor-column elementor-col-100 elementor-top-column elementor-element elementor-element-a0acc37\" data-id=\"a0acc37\" data-element_type=\"column\">\n\t\t\t<div class=\"elementor-widget-wrap elementor-element-populated\">\n\t\t\t\t\t\t<div class=\"elementor-element elementor-element-97f41e3 elementor-widget elementor-widget-eael-image-accordion\" data-id=\"97f41e3\" data-element_type=\"widget\" data-widget_type=\"eael-image-accordion.default\">\n\t\t\t\t<div class=\"elementor-widget-container\">\n\t\t\t\t\t    <div class=\"eael-img-accordion accordion-direction-horizontal eael-img-accordion-horizontal-align-center eael-img-accordion-vertical-align-center\" id=\"eael-img-accordion-97f41e3\" data-img-accordion-id=\"97f41e3\" data-img-accordion-type=\"on-hover\">\n                    \n            <div class=\"eael-image-accordion-hover eael-image-accordion-item\" style=\"background-image: url(https:\/\/turismodesamos.com\/wp-content\/uploads\/2021\/12\/san-cristobo-2.jpg);\"  tabindex=\"0\">\n                <div class=\"overlay\">\n                                        <div class=\"overlay-inner \">\n                        <h2 class=\"img-accordion-title\">SAN CRISTOVO<\/h2>                    <\/div>\n                <\/div>\n            <\/div>\n                    \n            <div class=\"eael-image-accordion-hover eael-image-accordion-item\" style=\"background-image: url(https:\/\/turismodesamos.com\/wp-content\/uploads\/2021\/12\/Renche.jpg);\"  tabindex=\"0\">\n                <div class=\"overlay\">\n                                        <div class=\"overlay-inner \">\n                        <h2 class=\"img-accordion-title\">RENCHE<\/h2>                    <\/div>\n                <\/div>\n            <\/div>\n                    \n            <div class=\"eael-image-accordion-hover eael-image-accordion-item\" style=\"background-image: url(https:\/\/turismodesamos.com\/wp-content\/uploads\/2021\/01\/Samos_monasterio_fachada-scaled.jpg);\"  tabindex=\"0\">\n                <div class=\"overlay\">\n                                        <div class=\"overlay-inner \">\n                        <h2 class=\"img-accordion-title\">SAMOS<\/h2>                    <\/div>\n                <\/div>\n            <\/div>\n                    \n            <div class=\"eael-image-accordion-hover eael-image-accordion-item\" style=\"background-image: url(https:\/\/turismodesamos.com\/wp-content\/uploads\/2021\/12\/images.jpg);\"  tabindex=\"0\">\n                <div class=\"overlay\">\n                                        <div class=\"overlay-inner \">\n                        <h2 class=\"img-accordion-title\">SAMOS<\/h2>                    <\/div>\n                <\/div>\n            <\/div>\n                    \n            <div class=\"eael-image-accordion-hover eael-image-accordion-item\" style=\"background-image: url(https:\/\/turismodesamos.com\/wp-content\/uploads\/2022\/01\/Camino-das-Fontes-Samos.jpg);\"  tabindex=\"0\">\n                <div class=\"overlay\">\n                                        <div class=\"overlay-inner \">\n                        <h2 class=\"img-accordion-title\">CAMI\u00d1O A SARRIA<\/h2>                    <\/div>\n                <\/div>\n            <\/div>\n                    \n            <div class=\"eael-image-accordion-hover eael-image-accordion-item\" style=\"background-image: url(https:\/\/turismodesamos.com\/wp-content\/uploads\/2022\/01\/L19L9043.jpg);\"  tabindex=\"0\">\n                <div class=\"overlay\">\n                                        <div class=\"overlay-inner \">\n                        <h2 class=\"img-accordion-title\">ALBERGUE DE SARRIA<\/h2>                    <\/div>\n                <\/div>\n            <\/div>\n                    \n            <div class=\"eael-image-accordion-hover eael-image-accordion-item\" style=\"background-image: url(https:\/\/turismodesamos.com\/wp-content\/uploads\/2022\/01\/BARBADELO_02_IMG_0546.jpg);\"  tabindex=\"0\">\n                <div class=\"overlay\">\n                                        <div class=\"overlay-inner \">\n                        <h2 class=\"img-accordion-title\">BARBADELO<\/h2>                    <\/div>\n                <\/div>\n            <\/div>\n                    \n            <div class=\"eael-image-accordion-hover eael-image-accordion-item\" style=\"background-image: url(https:\/\/turismodesamos.com\/wp-content\/uploads\/2022\/01\/mojon-que-indica-los-ultimos-100-kilometros-a-santiago_628_p.jpg);\"  tabindex=\"0\">\n                <div class=\"overlay\">\n                                        <div class=\"overlay-inner \">\n                        <h2 class=\"img-accordion-title\">KM 100<\/h2>                    <\/div>\n                <\/div>\n            <\/div>\n                    \n            <div class=\"eael-image-accordion-hover eael-image-accordion-item\" style=\"background-image: url(https:\/\/turismodesamos.com\/wp-content\/uploads\/2022\/01\/Albergue_de_peregrinos_de_la_Xunta_de_Galicia_Ferreiros_2.jpg);\"  tabindex=\"0\">\n                <div class=\"overlay\">\n                                        <div class=\"overlay-inner \">\n                        <h2 class=\"img-accordion-title\">ALBERGUE DE FERREIROS<\/h2>                    <\/div>\n                <\/div>\n            <\/div>\n                    \n            <div class=\"eael-image-accordion-hover eael-image-accordion-item\" style=\"background-image: url(https:\/\/turismodesamos.com\/wp-content\/uploads\/2022\/01\/L24M8190.jpg);\"  tabindex=\"0\">\n                <div class=\"overlay\">\n                                        <div class=\"overlay-inner \">\n                        <h2 class=\"img-accordion-title\">PORTOMAR\u00cdN<\/h2>                    <\/div>\n                <\/div>\n            <\/div>\n                <\/div>\n        <style typr=\"text\/css\">\n                    #eael-img-accordion-97f41e3 .eael-image-accordion-hover:hover {\n                        flex: 3 1 0% !important;\n                    }\n                    #eael-img-accordion-97f41e3 .eael-image-accordion-hover:hover:hover .overlay-inner * {\n                        opacity: 1;\n                        visibility: visible;\n                        transform: none;\n                        transition: all .3s .3s;\n                    }\n                <\/style>\t\t\t\t<\/div>\n\t\t\t\t<\/div>\n\t\t\t\t\t<\/div>\n\t\t<\/div>\n\t\t\t\t\t<\/div>\n\t\t<\/section>\n\t\t\t\t<\/div>\n\t\t","protected":false},"excerpt":{"rendered":"<p>Dous Caminos Sen lugar a d\u00fabida o Cami\u00f1o de Santiago ao seu paso polo noso Concello t\u00e9n unha excepcionalidade que roza a rexinalidade. Samos en vez de ter un s\u00f3 Cami\u00f1o ten dous. Totalmente diferentes, excepcionais e ao mesmo tempo m\u00e1xicos. Elixas cal elixas ao sa\u00edr de Triacastela vivir\u00e1s a esencia do Cami\u00f1o de Santiago.<br \/><a class=\"moretag\" href=\"https:\/\/turismodesamos.com\/en\/etapas\/\">+ Read More<\/a><\/p>\n","protected":false},"author":2,"featured_media":0,"parent":0,"menu_order":0,"comment_status":"closed","ping_status":"closed","template":"templates\/page-builder.php","meta":{"footnotes":""},"class_list":["post-2968","page","type-page","status-publish","hentry"],"_links":{"self":[{"href":"https:\/\/turismodesamos.com\/en\/wp-json\/wp\/v2\/pages\/2968","targetHints":{"allow":["GET"]}}],"collection":[{"href":"https:\/\/turismodesamos.com\/en\/wp-json\/wp\/v2\/pages"}],"about":[{"href":"https:\/\/turismodesamos.com\/en\/wp-json\/wp\/v2\/types\/page"}],"author":[{"embeddable":true,"href":"https:\/\/turismodesamos.com\/en\/wp-json\/wp\/v2\/users\/2"}],"replies":[{"embeddable":true,"href":"https:\/\/turismodesamos.com\/en\/wp-json\/wp\/v2\/comments?post=2968"}],"version-history":[{"count":46,"href":"https:\/\/turismodesamos.com\/en\/wp-json\/wp\/v2\/pages\/2968\/revisions"}],"predecessor-version":[{"id":3025,"href":"https:\/\/turismodesamos.com\/en\/wp-json\/wp\/v2\/pages\/2968\/revisions\/3025"}],"wp:attachment":[{"href":"https:\/\/turismodesamos.com\/en\/wp-json\/wp\/v2\/media?parent=2968"}],"curies":[{"name":"wp","href":"https:\/\/api.w.org\/{rel}","templated":true}]}}