{"id":1871,"date":"2021-01-11T21:11:04","date_gmt":"2021-01-11T21:11:04","guid":{"rendered":"https:\/\/turismodesamos.com\/?page_id=1871"},"modified":"2021-12-01T18:12:18","modified_gmt":"2021-12-01T18:12:18","slug":"historia","status":"publish","type":"page","link":"https:\/\/turismodesamos.com\/en\/historia\/","title":{"rendered":"Historia"},"content":{"rendered":"\t\t<div data-elementor-type=\"wp-page\" data-elementor-id=\"1871\" class=\"elementor elementor-1871\">\n\t\t\t\t\t\t<section class=\"elementor-section elementor-top-section elementor-element elementor-element-8c35302 elementor-section-boxed elementor-section-height-default elementor-section-height-default\" data-id=\"8c35302\" data-element_type=\"section\">\n\t\t\t\t\t\t<div class=\"elementor-container elementor-column-gap-default\">\n\t\t\t\t\t<div class=\"elementor-column elementor-col-100 elementor-top-column elementor-element elementor-element-38de17b\" data-id=\"38de17b\" data-element_type=\"column\">\n\t\t\t<div class=\"elementor-widget-wrap elementor-element-populated\">\n\t\t\t\t\t\t<div class=\"elementor-element elementor-element-fc0a2a9 elementor-widget elementor-widget-spacer\" data-id=\"fc0a2a9\" data-element_type=\"widget\" data-widget_type=\"spacer.default\">\n\t\t\t\t<div class=\"elementor-widget-container\">\n\t\t\t\t\t\t\t<div class=\"elementor-spacer\">\n\t\t\t<div class=\"elementor-spacer-inner\"><\/div>\n\t\t<\/div>\n\t\t\t\t\t\t<\/div>\n\t\t\t\t<\/div>\n\t\t\t\t\t<\/div>\n\t\t<\/div>\n\t\t\t\t\t<\/div>\n\t\t<\/section>\n\t\t\t\t<section class=\"elementor-section elementor-top-section elementor-element elementor-element-bbd103a elementor-section-boxed elementor-section-height-default elementor-section-height-default\" data-id=\"bbd103a\" data-element_type=\"section\">\n\t\t\t\t\t\t<div class=\"elementor-container elementor-column-gap-default\">\n\t\t\t\t\t<div class=\"elementor-column elementor-col-100 elementor-top-column elementor-element elementor-element-6959099\" data-id=\"6959099\" data-element_type=\"column\">\n\t\t\t<div class=\"elementor-widget-wrap elementor-element-populated\">\n\t\t\t\t\t\t<div class=\"elementor-element elementor-element-4fe15b4 elementor-widget elementor-widget-spacer\" data-id=\"4fe15b4\" data-element_type=\"widget\" data-widget_type=\"spacer.default\">\n\t\t\t\t<div class=\"elementor-widget-container\">\n\t\t\t\t\t\t\t<div class=\"elementor-spacer\">\n\t\t\t<div class=\"elementor-spacer-inner\"><\/div>\n\t\t<\/div>\n\t\t\t\t\t\t<\/div>\n\t\t\t\t<\/div>\n\t\t\t\t<div class=\"elementor-element elementor-element-772d486 elementor-widget elementor-widget-heading\" data-id=\"772d486\" data-element_type=\"widget\" data-widget_type=\"heading.default\">\n\t\t\t\t<div class=\"elementor-widget-container\">\n\t\t\t\t\t<div class=\"elementor-heading-title elementor-size-default\">Para ler nun rati\u00f1o<\/div>\t\t\t\t<\/div>\n\t\t\t\t<\/div>\n\t\t\t\t<div class=\"elementor-element elementor-element-a431b4d elementor-widget elementor-widget-text-editor\" data-id=\"a431b4d\" data-element_type=\"widget\" data-widget_type=\"text-editor.default\">\n\t\t\t\t<div class=\"elementor-widget-container\">\n\t\t\t\t\t\t\t\t\t<p>A Historia de Samos \u00e9 moi representativa da s\u00faa xeograf\u00eda, atop\u00e1monos un espazo dominado por dous vales (o de L\u00f3uzara e o de Samos) que te\u00f1en moi vencellada a historia natural da Galicia de Interior e a historia da Abad\u00eda respectivamente. Por suposto esta \u00e9 moito m\u00e1is preponderante debido \u00e1 importancia que tivo perante o tempo dende a s\u00faa fundaci\u00f3n no s.VI que levou a que Samos tivera sona e reco\u00f1ecemento mundial, por moitos motivos e acontecementos.<\/p>\t\t\t\t\t\t\t\t<\/div>\n\t\t\t\t<\/div>\n\t\t\t\t\t<\/div>\n\t\t<\/div>\n\t\t\t\t\t<\/div>\n\t\t<\/section>\n\t\t\t\t<section class=\"elementor-section elementor-top-section elementor-element elementor-element-210a851 elementor-section-boxed elementor-section-height-default elementor-section-height-default\" data-id=\"210a851\" data-element_type=\"section\">\n\t\t\t\t\t\t<div class=\"elementor-container elementor-column-gap-default\">\n\t\t\t\t\t<div class=\"elementor-column elementor-col-100 elementor-top-column elementor-element elementor-element-62bcd51\" data-id=\"62bcd51\" data-element_type=\"column\">\n\t\t\t<div class=\"elementor-widget-wrap elementor-element-populated\">\n\t\t\t\t\t\t<div class=\"elementor-element elementor-element-c81c07c elementor-widget elementor-widget-eael-adv-tabs\" data-id=\"c81c07c\" data-element_type=\"widget\" data-widget_type=\"eael-adv-tabs.default\">\n\t\t\t\t<div class=\"elementor-widget-container\">\n\t\t\t\t\t        <div data-scroll-on-click=\"no\" data-scroll-speed=\"300\" id=\"eael-advance-tabs-c81c07c\" class=\"eael-advance-tabs eael-tabs-vertical eael-tab-auto-active \" data-tabid=\"c81c07c\">\n            <div class=\"eael-tabs-nav \">\n                <ul class=\"eael-tab-inline-icon\" role=\"tablist\">\n                                            <li id=\"svii-ac-sii-dc\" class=\"inactive eael-tab-item-trigger eael-tab-nav-item\" aria-selected=\"true\" data-tab=\"1\" role=\"tab\" tabindex=\"0\" aria-controls=\"svii-ac-sii-dc-tab\" aria-expanded=\"false\">\n                            \n                                                                                                                            \n                                                            <span class=\"eael-tab-title title-after-icon\" >S.VII ac &#8211; S.II dc<\/span>                            \n                                                    <\/li>\n                                            <li id=\"svi\" class=\"inactive eael-tab-item-trigger eael-tab-nav-item\" aria-selected=\"false\" data-tab=\"2\" role=\"tab\" tabindex=\"-1\" aria-controls=\"svi-tab\" aria-expanded=\"false\">\n                            \n                                                                                                                            \n                                                            <span class=\"eael-tab-title title-after-icon\" >S.VI<\/span>                            \n                                                    <\/li>\n                                            <li id=\"714\" class=\"inactive eael-tab-item-trigger eael-tab-nav-item\" aria-selected=\"false\" data-tab=\"3\" role=\"tab\" tabindex=\"-1\" aria-controls=\"714-tab\" aria-expanded=\"false\">\n                            \n                                                                                                                            \n                                                            <span class=\"eael-tab-title title-after-icon\" >714<\/span>                            \n                                                    <\/li>\n                                            <li id=\"sviii\" class=\"inactive eael-tab-item-trigger eael-tab-nav-item\" aria-selected=\"false\" data-tab=\"4\" role=\"tab\" tabindex=\"-1\" aria-controls=\"sviii-tab\" aria-expanded=\"false\">\n                            \n                                                                                                                            \n                                                            <span class=\"eael-tab-title title-after-icon\" >S.VIII<\/span>                            \n                                                    <\/li>\n                                            <li id=\"sx\" class=\"inactive eael-tab-item-trigger eael-tab-nav-item\" aria-selected=\"false\" data-tab=\"5\" role=\"tab\" tabindex=\"-1\" aria-controls=\"sx-tab\" aria-expanded=\"false\">\n                            \n                                                                                                                            \n                                                            <span class=\"eael-tab-title title-after-icon\" >S.X<\/span>                            \n                                                    <\/li>\n                                            <li id=\"1175\" class=\"inactive eael-tab-item-trigger eael-tab-nav-item\" aria-selected=\"false\" data-tab=\"6\" role=\"tab\" tabindex=\"-1\" aria-controls=\"1175-tab\" aria-expanded=\"false\">\n                            \n                                                                                                                            \n                                                            <span class=\"eael-tab-title title-after-icon\" >1175<\/span>                            \n                                                    <\/li>\n                                            <li id=\"sxix\" class=\"inactive eael-tab-item-trigger eael-tab-nav-item\" aria-selected=\"false\" data-tab=\"7\" role=\"tab\" tabindex=\"-1\" aria-controls=\"sxix-tab\" aria-expanded=\"false\">\n                            \n                                                                                                                            \n                                                            <span class=\"eael-tab-title title-after-icon\" >S.XIX<\/span>                            \n                                                    <\/li>\n                                            <li id=\"1835\" class=\"inactive eael-tab-item-trigger eael-tab-nav-item\" aria-selected=\"false\" data-tab=\"8\" role=\"tab\" tabindex=\"-1\" aria-controls=\"1835-tab\" aria-expanded=\"false\">\n                            \n                                                                                                                            \n                                                            <span class=\"eael-tab-title title-after-icon\" >1835<\/span>                            \n                                                    <\/li>\n                                            <li id=\"1880\" class=\"inactive eael-tab-item-trigger eael-tab-nav-item\" aria-selected=\"false\" data-tab=\"9\" role=\"tab\" tabindex=\"-1\" aria-controls=\"1880-tab\" aria-expanded=\"false\">\n                            \n                                                                                                                            \n                                                            <span class=\"eael-tab-title title-after-icon\" >1880<\/span>                            \n                                                    <\/li>\n                                            <li id=\"sxx-xxi\" class=\"inactive eael-tab-item-trigger eael-tab-nav-item\" aria-selected=\"false\" data-tab=\"10\" role=\"tab\" tabindex=\"-1\" aria-controls=\"sxx-xxi-tab\" aria-expanded=\"false\">\n                            \n                                                                                                                            \n                                                            <span class=\"eael-tab-title title-after-icon\" >S.XX-XXI<\/span>                            \n                                                    <\/li>\n                    \n                                  <\/ul>\n            <\/div>\n            \n            <div class=\"eael-tabs-content\">\n\t\t        \n                    <div id=\"svii-ac-sii-dc-tab\" class=\"clearfix eael-tab-content-item inactive\" data-title-link=\"svii-ac-sii-dc-tab\">\n\t\t\t\t        <p style=\"text-align: left;\"><b>Cultura Castrexa<br \/><\/b> Samos protagoniza un espazo hist\u00f3rico de sona xa que nas s\u00faas terras se atopa unha das maiores concentraci\u00f3ns de restos da Cultura Castrexa.\u200b<\/p><p><img fetchpriority=\"high\" decoding=\"async\" class=\"aligncenter wp-image-1944\" src=\"https:\/\/turismodesamos.com\/wp-content\/uploads\/2021\/01\/Castro_de_Formigueiros_Samos_Galiza-1024x768.jpg\" alt=\"\" width=\"627\" height=\"470\" srcset=\"https:\/\/turismodesamos.com\/wp-content\/uploads\/2021\/01\/Castro_de_Formigueiros_Samos_Galiza-1024x768.jpg 1024w, https:\/\/turismodesamos.com\/wp-content\/uploads\/2021\/01\/Castro_de_Formigueiros_Samos_Galiza-300x225.jpg 300w, https:\/\/turismodesamos.com\/wp-content\/uploads\/2021\/01\/Castro_de_Formigueiros_Samos_Galiza-768x576.jpg 768w, https:\/\/turismodesamos.com\/wp-content\/uploads\/2021\/01\/Castro_de_Formigueiros_Samos_Galiza-1536x1152.jpg 1536w, https:\/\/turismodesamos.com\/wp-content\/uploads\/2021\/01\/Castro_de_Formigueiros_Samos_Galiza-2048x1536.jpg 2048w\" sizes=\"(max-width: 627px) 100vw, 627px\" \/><\/p>                    <\/div>\n\t\t        \n                    <div id=\"svi-tab\" class=\"clearfix eael-tab-content-item inactive\" data-title-link=\"svi-tab\">\n\t\t\t\t        <p style=\"text-align: left;\"><b>Cenobio<\/b><br \/>Esta data \u00e9 a que a historia sinala pola chegada das primeiras comunidades cenobitas a Samos, a\u00ednda que probablemente fora anterior.\u200b<\/p><p><img decoding=\"async\" class=\"aligncenter wp-image-1946\" src=\"https:\/\/turismodesamos.com\/wp-content\/uploads\/2021\/01\/11.-Capilla-Cipres-Prerromanica-Samos-1024x683.jpg\" alt=\"\" width=\"705\" height=\"470\" srcset=\"https:\/\/turismodesamos.com\/wp-content\/uploads\/2021\/01\/11.-Capilla-Cipres-Prerromanica-Samos-1024x683.jpg 1024w, https:\/\/turismodesamos.com\/wp-content\/uploads\/2021\/01\/11.-Capilla-Cipres-Prerromanica-Samos-300x200.jpg 300w, https:\/\/turismodesamos.com\/wp-content\/uploads\/2021\/01\/11.-Capilla-Cipres-Prerromanica-Samos-768x512.jpg 768w, https:\/\/turismodesamos.com\/wp-content\/uploads\/2021\/01\/11.-Capilla-Cipres-Prerromanica-Samos-1536x1024.jpg 1536w, https:\/\/turismodesamos.com\/wp-content\/uploads\/2021\/01\/11.-Capilla-Cipres-Prerromanica-Samos.jpg 1920w\" sizes=\"(max-width: 705px) 100vw, 705px\" \/><\/p>                    <\/div>\n\t\t        \n                    <div id=\"714-tab\" class=\"clearfix eael-tab-content-item inactive\" data-title-link=\"714-tab\">\n\t\t\t\t        <p style=\"text-align: left;\"><b>Invasi\u00f3n<\/b> <br \/>O primeiro dos m\u00faltiples abandonos de Samos v\u00e9n marcado pola chegada dos \u00e1rabes \u00e1 cidade de Lugo.<\/p><p><img decoding=\"async\" class=\"aligncenter wp-image-1950\" src=\"https:\/\/turismodesamos.com\/wp-content\/uploads\/2021\/01\/440px-Yahya_ibn_Mahmud_al-Wasiti_005.jpg\" alt=\"\" width=\"473\" height=\"470\" srcset=\"https:\/\/turismodesamos.com\/wp-content\/uploads\/2021\/01\/440px-Yahya_ibn_Mahmud_al-Wasiti_005.jpg 440w, https:\/\/turismodesamos.com\/wp-content\/uploads\/2021\/01\/440px-Yahya_ibn_Mahmud_al-Wasiti_005-300x298.jpg 300w, https:\/\/turismodesamos.com\/wp-content\/uploads\/2021\/01\/440px-Yahya_ibn_Mahmud_al-Wasiti_005-150x150.jpg 150w\" sizes=\"(max-width: 473px) 100vw, 473px\" \/><\/p>                    <\/div>\n\t\t        \n                    <div id=\"sviii-tab\" class=\"clearfix eael-tab-content-item inactive\" data-title-link=\"sviii-tab\">\n\t\t\t\t        <p style=\"text-align: left;\"><b>Fruela I<\/b> <br \/>Na 2\u00aa metade deste s\u00e9culo El-Rei asturiano repoboa Samos enviando unha comunidade dirixida polo abade Argerico, quiz\u00e1 foi premonitorio que logo seu fillo se tivera que agochar aqu\u00ed.\u200b<\/p><p><img loading=\"lazy\" decoding=\"async\" class=\"wp-image-1952 aligncenter\" src=\"https:\/\/turismodesamos.com\/wp-content\/uploads\/2021\/01\/360px-StatueFruelaISamos3106711239_730d39d4b1.jpg\" alt=\"\" width=\"353\" height=\"470\" srcset=\"https:\/\/turismodesamos.com\/wp-content\/uploads\/2021\/01\/360px-StatueFruelaISamos3106711239_730d39d4b1.jpg 360w, https:\/\/turismodesamos.com\/wp-content\/uploads\/2021\/01\/360px-StatueFruelaISamos3106711239_730d39d4b1-225x300.jpg 225w\" sizes=\"(max-width: 353px) 100vw, 353px\" \/><\/p>                    <\/div>\n\t\t        \n                    <div id=\"sx-tab\" class=\"clearfix eael-tab-content-item inactive\" data-title-link=\"sx-tab\">\n\t\t\t\t        <p style=\"text-align: left;\"><b>San Bieito<\/b> <br \/>Neste s\u00e9culo chega a Samos a orde Bieita que non abandonar\u00e1 a abad\u00eda, salvo alg\u00fans lapsus temporais ata os nosos d\u00edas.<\/p><p><img loading=\"lazy\" decoding=\"async\" class=\"wp-image-1953 aligncenter\" src=\"https:\/\/turismodesamos.com\/wp-content\/uploads\/2021\/01\/BENITO-SAN_01_IMG_0781-216x300.jpg\" alt=\"\" width=\"338\" height=\"470\" srcset=\"https:\/\/turismodesamos.com\/wp-content\/uploads\/2021\/01\/BENITO-SAN_01_IMG_0781-216x300.jpg 216w, https:\/\/turismodesamos.com\/wp-content\/uploads\/2021\/01\/BENITO-SAN_01_IMG_0781-737x1024.jpg 737w, https:\/\/turismodesamos.com\/wp-content\/uploads\/2021\/01\/BENITO-SAN_01_IMG_0781.jpg 756w\" sizes=\"(max-width: 338px) 100vw, 338px\" \/><\/p>                    <\/div>\n\t\t        \n                    <div id=\"1175-tab\" class=\"clearfix eael-tab-content-item inactive\" data-title-link=\"1175-tab\">\n\t\t\t\t        <p style=\"text-align: left;\"><b>Xurisdicci\u00f3n<\/b><br \/>Neste ano a Abad\u00eda t\u00e9n tal importancia que ter\u00e1 m\u00e1is de cen igrexias espalladas por toda Galicia. Os dominios de Samos chegan a ser moi importantes e vivir\u00e1n un momento de gloria ata ben entrado o s\u00e9culo XVIII.<\/p><p><img loading=\"lazy\" decoding=\"async\" class=\"wp-image-1956 aligncenter\" src=\"https:\/\/turismodesamos.com\/wp-content\/uploads\/2021\/01\/claustroNereidas-15-300x300.jpg\" alt=\"\" width=\"470\" height=\"470\" srcset=\"https:\/\/turismodesamos.com\/wp-content\/uploads\/2021\/01\/claustroNereidas-15-300x300.jpg 300w, https:\/\/turismodesamos.com\/wp-content\/uploads\/2021\/01\/claustroNereidas-15-150x150.jpg 150w, https:\/\/turismodesamos.com\/wp-content\/uploads\/2021\/01\/claustroNereidas-15.jpg 560w\" sizes=\"(max-width: 470px) 100vw, 470px\" \/><\/p><p>\u00a0<\/p>                    <\/div>\n\t\t        \n                    <div id=\"sxix-tab\" class=\"clearfix eael-tab-content-item inactive\" data-title-link=\"sxix-tab\">\n\t\t\t\t        <p style=\"text-align: left;\"><b>Os Franceses<\/b><br \/>A invasi\u00f3n de Napole\u00f3n trae consigo e expolio da igrexia e a maior parte destos vetustos edificios son reconvertidos; Samos nesta \u00e9poca pasa a ser un importante hospital de guerra.<\/p><p><img loading=\"lazy\" decoding=\"async\" class=\"wp-image-1957 aligncenter\" src=\"https:\/\/turismodesamos.com\/wp-content\/uploads\/2021\/01\/P3240012-1-300x197.jpg\" alt=\"\" width=\"716\" height=\"470\" srcset=\"https:\/\/turismodesamos.com\/wp-content\/uploads\/2021\/01\/P3240012-1-300x197.jpg 300w, https:\/\/turismodesamos.com\/wp-content\/uploads\/2021\/01\/P3240012-1-1024x672.jpg 1024w, https:\/\/turismodesamos.com\/wp-content\/uploads\/2021\/01\/P3240012-1-768x504.jpg 768w, https:\/\/turismodesamos.com\/wp-content\/uploads\/2021\/01\/P3240012-1.jpg 1200w\" sizes=\"(max-width: 716px) 100vw, 716px\" \/><\/p>                    <\/div>\n\t\t        \n                    <div id=\"1835-tab\" class=\"clearfix eael-tab-content-item inactive\" data-title-link=\"1835-tab\">\n\t\t\t\t        <p style=\"text-align: left;\"><b>Mendiz\u00e1bal<\/b><br \/>A desamortizaci\u00f3n foi un per\u00edodo de infortunio para a abad\u00eda: xa que foi pasada a titularidade municipal pero s\u00f3 ata 1862 debido a que non era sostible semellante edificio.<\/p><p><img loading=\"lazy\" decoding=\"async\" class=\"wp-image-1958 aligncenter\" src=\"https:\/\/turismodesamos.com\/wp-content\/uploads\/2021\/01\/P3240011-300x198.jpg\" alt=\"\" width=\"711\" height=\"468\" srcset=\"https:\/\/turismodesamos.com\/wp-content\/uploads\/2021\/01\/P3240011-300x198.jpg 300w, https:\/\/turismodesamos.com\/wp-content\/uploads\/2021\/01\/P3240011-1024x674.jpg 1024w, https:\/\/turismodesamos.com\/wp-content\/uploads\/2021\/01\/P3240011-768x506.jpg 768w, https:\/\/turismodesamos.com\/wp-content\/uploads\/2021\/01\/P3240011.jpg 1200w\" sizes=\"(max-width: 711px) 100vw, 711px\" \/><\/p>                    <\/div>\n\t\t        \n                    <div id=\"1880-tab\" class=\"clearfix eael-tab-content-item inactive\" data-title-link=\"1880-tab\">\n\t\t\t\t        <p style=\"text-align: left;\"><b>Bieitos de Volta<\/b><br \/>A\u00ednda que quedaran tres monxes a Orde de Valladolid decide repoboar Samos cunha nova comunidade de monxes que retoman a vida contemplativa ata os nosos d\u00edas.<\/p><p><img loading=\"lazy\" decoding=\"async\" class=\"aligncenter wp-image-1960\" src=\"https:\/\/turismodesamos.com\/wp-content\/uploads\/2021\/01\/bibliotecasamos-27.jpg\" alt=\"\" width=\"468\" height=\"468\" srcset=\"https:\/\/turismodesamos.com\/wp-content\/uploads\/2021\/01\/bibliotecasamos-27.jpg 560w, https:\/\/turismodesamos.com\/wp-content\/uploads\/2021\/01\/bibliotecasamos-27-300x300.jpg 300w, https:\/\/turismodesamos.com\/wp-content\/uploads\/2021\/01\/bibliotecasamos-27-150x150.jpg 150w\" sizes=\"(max-width: 468px) 100vw, 468px\" \/><\/p>                    <\/div>\n\t\t        \n                    <div id=\"sxx-xxi-tab\" class=\"clearfix eael-tab-content-item inactive\" data-title-link=\"sxx-xxi-tab\">\n\t\t\t\t        <p style=\"text-align: left;\"><b>Hoxe<\/b><br \/>Evidentemente Samos \u00e9 moito m\u00e1is que mosteiro: tam\u00e9n foi \u00e1 emigracion, estivo de guerra, xuizos sumar\u00edsimos, familias, persoeiros, cultura, agricultura e sobre todo veci\u00f1anza, pero eso contar\u00e9molo noutro intre!.<\/p><p><img loading=\"lazy\" decoding=\"async\" class=\"alignnone wp-image-1961\" src=\"https:\/\/turismodesamos.com\/wp-content\/uploads\/2021\/01\/LE29C6F1_184741-1024x576.jpg\" alt=\"\" width=\"796\" height=\"448\" srcset=\"https:\/\/turismodesamos.com\/wp-content\/uploads\/2021\/01\/LE29C6F1_184741-1024x576.jpg 1024w, https:\/\/turismodesamos.com\/wp-content\/uploads\/2021\/01\/LE29C6F1_184741-300x169.jpg 300w, https:\/\/turismodesamos.com\/wp-content\/uploads\/2021\/01\/LE29C6F1_184741-768x432.jpg 768w, https:\/\/turismodesamos.com\/wp-content\/uploads\/2021\/01\/LE29C6F1_184741.jpg 1280w\" sizes=\"(max-width: 796px) 100vw, 796px\" \/><\/p>                    <\/div>\n\t\t                    <\/div>\n        <\/div>\n\t\t\t\t<\/div>\n\t\t\t\t<\/div>\n\t\t\t\t\t<\/div>\n\t\t<\/div>\n\t\t\t\t\t<\/div>\n\t\t<\/section>\n\t\t\t\t<section class=\"elementor-section elementor-top-section elementor-element elementor-element-edd4c8c elementor-section-boxed elementor-section-height-default elementor-section-height-default\" data-id=\"edd4c8c\" data-element_type=\"section\">\n\t\t\t\t\t\t<div class=\"elementor-container elementor-column-gap-default\">\n\t\t\t\t\t<div class=\"elementor-column elementor-col-100 elementor-top-column elementor-element elementor-element-7bd1e6b\" data-id=\"7bd1e6b\" data-element_type=\"column\">\n\t\t\t<div class=\"elementor-widget-wrap elementor-element-populated\">\n\t\t\t\t\t\t<div class=\"elementor-element elementor-element-db854c4 elementor-widget elementor-widget-spacer\" data-id=\"db854c4\" data-element_type=\"widget\" data-widget_type=\"spacer.default\">\n\t\t\t\t<div class=\"elementor-widget-container\">\n\t\t\t\t\t\t\t<div class=\"elementor-spacer\">\n\t\t\t<div class=\"elementor-spacer-inner\"><\/div>\n\t\t<\/div>\n\t\t\t\t\t\t<\/div>\n\t\t\t\t<\/div>\n\t\t\t\t\t<\/div>\n\t\t<\/div>\n\t\t\t\t\t<\/div>\n\t\t<\/section>\n\t\t\t\t<section class=\"elementor-section elementor-top-section elementor-element elementor-element-918848c elementor-section-boxed elementor-section-height-default elementor-section-height-default\" data-id=\"918848c\" data-element_type=\"section\">\n\t\t\t\t\t\t<div class=\"elementor-container elementor-column-gap-default\">\n\t\t\t\t\t<div class=\"elementor-column elementor-col-100 elementor-top-column elementor-element elementor-element-78c19b7\" data-id=\"78c19b7\" data-element_type=\"column\">\n\t\t\t<div class=\"elementor-widget-wrap elementor-element-populated\">\n\t\t\t\t\t\t<div class=\"elementor-element elementor-element-7a60a80 elementor-widget elementor-widget-heading\" data-id=\"7a60a80\" data-element_type=\"widget\" data-widget_type=\"heading.default\">\n\t\t\t\t<div class=\"elementor-widget-container\">\n\t\t\t\t\t<div class=\"elementor-heading-title elementor-size-default\">Os ilustres de Samos<\/div>\t\t\t\t<\/div>\n\t\t\t\t<\/div>\n\t\t\t\t<div class=\"elementor-element elementor-element-b52ef99 elementor-widget elementor-widget-text-editor\" data-id=\"b52ef99\" data-element_type=\"widget\" data-widget_type=\"text-editor.default\">\n\t\t\t\t<div class=\"elementor-widget-container\">\n\t\t\t\t\t\t\t\t\t<p>Son moitos os veci\u00f1os ilustres de Samos e a escolma non \u00e9 f\u00e1cil de facer, dende San Marti\u00f1o de Dumio ata os m\u00e1is co\u00f1ecidos hoxe en d\u00eda a nosa historia deu moitos e bos froitos que se atopan hoxe incluso entre n\u00f3s. Cabe lembrar \u00e1s xentes que axudaron nas \u00e9pocas das desgracias, das fames e das miserias; aos respectados m\u00e9dicos que por aqu\u00ed pasaron ou a tantos profesionais que traballaron neste concello: ferreiros, carpinteiros, alcaldes, mestres e mestras, vendedoras, taberneiros e mesoneiras e un sinf\u00edn de veci\u00f1as e veci\u00f1os que permanecen na nosa memoria como propios, todos eles son os ilustres de Samos. Pero ben \u00e9 certo que alg\u00fans destacaron un pouqui\u00f1o m\u00e1is, aqu\u00ed unha m\u00ednima mostra.<\/p>\t\t\t\t\t\t\t\t<\/div>\n\t\t\t\t<\/div>\n\t\t\t\t\t<\/div>\n\t\t<\/div>\n\t\t\t\t\t<\/div>\n\t\t<\/section>\n\t\t\t\t<section class=\"elementor-section elementor-top-section elementor-element elementor-element-a95adca elementor-section-boxed elementor-section-height-default elementor-section-height-default\" data-id=\"a95adca\" data-element_type=\"section\">\n\t\t\t\t\t\t<div class=\"elementor-container elementor-column-gap-default\">\n\t\t\t\t\t<div class=\"elementor-column elementor-col-100 elementor-top-column elementor-element elementor-element-e44943a\" data-id=\"e44943a\" data-element_type=\"column\">\n\t\t\t<div class=\"elementor-widget-wrap elementor-element-populated\">\n\t\t\t\t\t\t<div class=\"elementor-element elementor-element-148f10a elementor-widget elementor-widget-eael-adv-tabs\" data-id=\"148f10a\" data-element_type=\"widget\" data-widget_type=\"eael-adv-tabs.default\">\n\t\t\t\t<div class=\"elementor-widget-container\">\n\t\t\t\t\t        <div data-scroll-on-click=\"no\" data-scroll-speed=\"300\" id=\"eael-advance-tabs-148f10a\" class=\"eael-advance-tabs eael-tabs-vertical eael-tab-auto-active \" data-tabid=\"148f10a\">\n            <div class=\"eael-tabs-nav \">\n                <ul class=\"eael-tab-inline-icon\" role=\"tablist\">\n                                            <li id=\"san-martio-de-dumio\" class=\"inactive eael-tab-item-trigger eael-tab-nav-item\" aria-selected=\"true\" data-tab=\"1\" role=\"tab\" tabindex=\"0\" aria-controls=\"san-martio-de-dumio-tab\" aria-expanded=\"false\">\n                            \n                                                                                                                            \n                                                            <span class=\"eael-tab-title title-after-icon\" >San Marti\u00f1o de Dumio<\/span>                            \n                                                    <\/li>\n                                            <li id=\"fruela-i\" class=\"inactive eael-tab-item-trigger eael-tab-nav-item\" aria-selected=\"false\" data-tab=\"2\" role=\"tab\" tabindex=\"-1\" aria-controls=\"fruela-i-tab\" aria-expanded=\"false\">\n                            \n                                                                                                                            \n                                                            <span class=\"eael-tab-title title-after-icon\" >Fruela I<\/span>                            \n                                                    <\/li>\n                                            <li id=\"martio-de-pradozelos\" class=\"inactive eael-tab-item-trigger eael-tab-nav-item\" aria-selected=\"false\" data-tab=\"3\" role=\"tab\" tabindex=\"-1\" aria-controls=\"martio-de-pradozelos-tab\" aria-expanded=\"false\">\n                            \n                                                                                                                            \n                                                            <span class=\"eael-tab-title title-after-icon\" >Marti\u00f1o de Pradozelos<\/span>                            \n                                                    <\/li>\n                                            <li id=\"pai-feijo\" class=\"inactive eael-tab-item-trigger eael-tab-nav-item\" aria-selected=\"false\" data-tab=\"4\" role=\"tab\" tabindex=\"-1\" aria-controls=\"pai-feijo-tab\" aria-expanded=\"false\">\n                            \n                                                                                                                            \n                                                            <span class=\"eael-tab-title title-after-icon\" >Pai Feijo\u00f3<\/span>                            \n                                                    <\/li>\n                                            <li id=\"pai-sarmiento\" class=\"inactive eael-tab-item-trigger eael-tab-nav-item\" aria-selected=\"false\" data-tab=\"5\" role=\"tab\" tabindex=\"-1\" aria-controls=\"pai-sarmiento-tab\" aria-expanded=\"false\">\n                            \n                                                                                                                            \n                                                            <span class=\"eael-tab-title title-after-icon\" >Pai Sarmiento<\/span>                            \n                                                    <\/li>\n                                            <li id=\"vzquez-queipo\" class=\"inactive eael-tab-item-trigger eael-tab-nav-item\" aria-selected=\"false\" data-tab=\"6\" role=\"tab\" tabindex=\"-1\" aria-controls=\"vzquez-queipo-tab\" aria-expanded=\"false\">\n                            \n                                                                                                                            \n                                                            <span class=\"eael-tab-title title-after-icon\" >V\u00e1zquez Queipo<\/span>                            \n                                                    <\/li>\n                                            <li id=\"maximino-arias-\" class=\"inactive eael-tab-item-trigger eael-tab-nav-item\" aria-selected=\"false\" data-tab=\"7\" role=\"tab\" tabindex=\"-1\" aria-controls=\"maximino-arias--tab\" aria-expanded=\"false\">\n                            \n                                                                                                                            \n                                                            <span class=\"eael-tab-title title-after-icon\" >Maximino Arias <\/span>                            \n                                                    <\/li>\n                                            <li id=\"fiz-vergara\" class=\"inactive eael-tab-item-trigger eael-tab-nav-item\" aria-selected=\"false\" data-tab=\"8\" role=\"tab\" tabindex=\"-1\" aria-controls=\"fiz-vergara-tab\" aria-expanded=\"false\">\n                            \n                                                                                                                            \n                                                            <span class=\"eael-tab-title title-after-icon\" >Fiz Vergara<\/span>                            \n                                                    <\/li>\n                                            <li id=\"fundacin-o-noso-lar\" class=\"inactive eael-tab-item-trigger eael-tab-nav-item\" aria-selected=\"false\" data-tab=\"9\" role=\"tab\" tabindex=\"-1\" aria-controls=\"fundacin-o-noso-lar-tab\" aria-expanded=\"false\">\n                            \n                                                                                                                            \n                                                            <span class=\"eael-tab-title title-after-icon\" >Fundaci\u00f3n O Noso Lar<\/span>                            \n                                                    <\/li>\n                    \n                                  <\/ul>\n            <\/div>\n            \n            <div class=\"eael-tabs-content\">\n\t\t        \n                    <div id=\"san-martio-de-dumio-tab\" class=\"clearfix eael-tab-content-item inactive\" data-title-link=\"san-martio-de-dumio-tab\">\n\t\t\t\t        <p style=\"text-align: left;\"><b>(510-579)<\/b><\/p><p style=\"text-align: left;\">Foi un bispo e te\u00f3logo de orixe h\u00fangara que adem\u00e1is foi o fundador de facto dos primeiros cenobios en Samos.<img loading=\"lazy\" decoding=\"async\" class=\"aligncenter wp-image-1979\" src=\"https:\/\/turismodesamos.com\/wp-content\/uploads\/2021\/01\/1521313122761-212x300.jpg\" alt=\"\" width=\"291\" height=\"412\" srcset=\"https:\/\/turismodesamos.com\/wp-content\/uploads\/2021\/01\/1521313122761-212x300.jpg 212w, https:\/\/turismodesamos.com\/wp-content\/uploads\/2021\/01\/1521313122761-723x1024.jpg 723w, https:\/\/turismodesamos.com\/wp-content\/uploads\/2021\/01\/1521313122761-768x1087.jpg 768w, https:\/\/turismodesamos.com\/wp-content\/uploads\/2021\/01\/1521313122761.jpg 928w\" sizes=\"(max-width: 291px) 100vw, 291px\" \/><\/p><p>\u00a0<\/p>                    <\/div>\n\t\t        \n                    <div id=\"fruela-i-tab\" class=\"clearfix eael-tab-content-item inactive\" data-title-link=\"fruela-i-tab\">\n\t\t\t\t        <p style=\"text-align: left;\"><b>(722-768)<\/b><br \/>A s\u00faa relaci\u00f3n con Samos v\u00e9n da man da restauraci\u00f3n cenobita ao encargar a varios monxes vidos do sur a repoboaci\u00f3n eclesi\u00e1stica de Samos. A coroa asturiana sigue a s\u00faa relaci\u00f3n con Samos cando a s\u00faa vi\u00fava agocha cos monxes en terras de O Courel ao seu fillo Afonso mentres foi infante, lonxe das inquinas do seu t\u00edo.<img loading=\"lazy\" decoding=\"async\" class=\"aligncenter wp-image-1978\" src=\"https:\/\/turismodesamos.com\/wp-content\/uploads\/2021\/01\/fruela-i-21.jpg\" alt=\"\" width=\"375\" height=\"375\" srcset=\"https:\/\/turismodesamos.com\/wp-content\/uploads\/2021\/01\/fruela-i-21.jpg 282w, https:\/\/turismodesamos.com\/wp-content\/uploads\/2021\/01\/fruela-i-21-150x150.jpg 150w\" sizes=\"(max-width: 375px) 100vw, 375px\" \/><\/p><p>\u00a0<\/p>                    <\/div>\n\t\t        \n                    <div id=\"martio-de-pradozelos-tab\" class=\"clearfix eael-tab-content-item inactive\" data-title-link=\"martio-de-pradozelos-tab\">\n\t\t\t\t        <p style=\"text-align: left;\"><b>(S.XI-XII)<\/b><br \/>As letras deixaron na nosa terra grandes ilustres como este trobador medieval autor de nove cantigas de amigo e unha de amor; a s\u00faa pegada de seguro que foi moi importante en L\u00f3uzara (naceu en Praducelo) e de a\u00ed pode vir tradici\u00f3n po\u00e9tica (birindos) e musical que t\u00e9n a zona.<img loading=\"lazy\" decoding=\"async\" class=\"aligncenter wp-image-1977\" src=\"https:\/\/turismodesamos.com\/wp-content\/uploads\/2021\/01\/trovador-300x225.jpg\" alt=\"\" width=\"532\" height=\"400\" srcset=\"https:\/\/turismodesamos.com\/wp-content\/uploads\/2021\/01\/trovador-300x225.jpg 300w, https:\/\/turismodesamos.com\/wp-content\/uploads\/2021\/01\/trovador.jpg 640w\" sizes=\"(max-width: 532px) 100vw, 532px\" \/><\/p><p>\u00a0<\/p>                    <\/div>\n\t\t        \n                    <div id=\"pai-feijo-tab\" class=\"clearfix eael-tab-content-item inactive\" data-title-link=\"pai-feijo-tab\">\n\t\t\t\t        <p style=\"text-align: left;\"><b>(1676 &#8211; 1764)<\/b><\/p><p style=\"text-align: left;\">Chegou a Samos con doce anos como novicio e pasar\u00e1 en Samos a s\u00faa vida. \u00c9 un dos persoeiros m\u00e1is importantes da Ilustraci\u00f3n Espa\u00f1ola e fundador do ensaio filos\u00f3fico coa s\u00faa obra m\u00e1is reco\u00f1ecida &#8220;Teatro Cr\u00edtico Universal&#8221;.<img loading=\"lazy\" decoding=\"async\" class=\"aligncenter wp-image-1975\" src=\"https:\/\/turismodesamos.com\/wp-content\/uploads\/2021\/01\/Benito_Jeronimo_Feijoo-263x300.jpg\" alt=\"\" width=\"342\" height=\"390\" srcset=\"https:\/\/turismodesamos.com\/wp-content\/uploads\/2021\/01\/Benito_Jeronimo_Feijoo-263x300.jpg 263w, https:\/\/turismodesamos.com\/wp-content\/uploads\/2021\/01\/Benito_Jeronimo_Feijoo-899x1024.jpg 899w, https:\/\/turismodesamos.com\/wp-content\/uploads\/2021\/01\/Benito_Jeronimo_Feijoo-768x875.jpg 768w, https:\/\/turismodesamos.com\/wp-content\/uploads\/2021\/01\/Benito_Jeronimo_Feijoo.jpg 1100w\" sizes=\"(max-width: 342px) 100vw, 342px\" \/><\/p><p>\u00a0<\/p>                    <\/div>\n\t\t        \n                    <div id=\"pai-sarmiento-tab\" class=\"clearfix eael-tab-content-item inactive\" data-title-link=\"pai-sarmiento-tab\">\n\t\t\t\t        <p style=\"text-align: left;\"><b>(1695-1772)<\/b><\/p><p style=\"text-align: left;\">A\u00ednda que a nada en Samos foi s\u00faa nai Clara Balboa, o pai Sarmiento, nado en Vilafranca do Bierzo dic\u00eda que era de Pontevedra e ben \u00e9 certo que sempre tivo moita relaci\u00f3n con Samos. Est\u00e1 considerado como un dos pais da filolox\u00eda rom\u00e1nica e da filolox\u00eda galega.\u00a0<\/p><p><img loading=\"lazy\" decoding=\"async\" class=\"aligncenter wp-image-1976\" src=\"https:\/\/turismodesamos.com\/wp-content\/uploads\/2021\/01\/La-Ruta-del-Padre-Sarmiento-1-740x1024-1-217x300.jpg\" alt=\"\" width=\"275\" height=\"380\" srcset=\"https:\/\/turismodesamos.com\/wp-content\/uploads\/2021\/01\/La-Ruta-del-Padre-Sarmiento-1-740x1024-1-217x300.jpg 217w, https:\/\/turismodesamos.com\/wp-content\/uploads\/2021\/01\/La-Ruta-del-Padre-Sarmiento-1-740x1024-1.jpg 740w\" sizes=\"(max-width: 275px) 100vw, 275px\" \/><\/p><p>\u00a0<\/p>                    <\/div>\n\t\t        \n                    <div id=\"vzquez-queipo-tab\" class=\"clearfix eael-tab-content-item inactive\" data-title-link=\"vzquez-queipo-tab\">\n\t\t\t\t        <p style=\"text-align: left;\"><b>(1804-1893)<\/b><br \/>Catedr\u00e1tico de F\u00edsica e Qu\u00edmica e membro da Real Academia de Historia e da Real Academia das Ciencias Exactas F\u00edsicas e Naturais destaca por ser un cient\u00edfico e matem\u00e1tica ao cal lle debemos o Sistema M\u00e9trico Monetario, a Aritm\u00e9tica Superior Mercantil ou as T\u00e1boas de Logaritmos. Adem\u00e1is foi pol\u00edtico destacado e deputado en Cortes.<\/p><p><img loading=\"lazy\" decoding=\"async\" class=\"aligncenter wp-image-1974\" src=\"https:\/\/turismodesamos.com\/wp-content\/uploads\/2021\/01\/Vicente_Vazquez_Queipo_de_Llano-218x300.jpg\" alt=\"\" width=\"254\" height=\"350\" srcset=\"https:\/\/turismodesamos.com\/wp-content\/uploads\/2021\/01\/Vicente_Vazquez_Queipo_de_Llano-218x300.jpg 218w, https:\/\/turismodesamos.com\/wp-content\/uploads\/2021\/01\/Vicente_Vazquez_Queipo_de_Llano.jpg 616w\" sizes=\"(max-width: 254px) 100vw, 254px\" \/><\/p><p>\u00a0<\/p>                    <\/div>\n\t\t        \n                    <div id=\"maximino-arias--tab\" class=\"clearfix eael-tab-content-item inactive\" data-title-link=\"maximino-arias--tab\">\n\t\t\t\t        <p style=\"text-align: left;\"><b>(1910-1991)<\/b><br \/>Chegado de moi neno \u00e1 Abad\u00eda \u00e9 un mestre destacado as\u00ed como escritor que adica os seus esforzos \u00e1 recopilaci\u00f3n hist\u00f3rica da Abad\u00eda a trav\u00e9s dunha publicaci\u00f3n e \u00e1 recuperaci\u00f3n intensiva da desaparecida biblioteca do Pai Feij\u00f3o desaparecida no incendio de 1951.<\/p><p><img loading=\"lazy\" decoding=\"async\" class=\"aligncenter wp-image-1980\" src=\"https:\/\/turismodesamos.com\/wp-content\/uploads\/2021\/01\/130466-264x300.jpg\" alt=\"\" width=\"352\" height=\"400\" srcset=\"https:\/\/turismodesamos.com\/wp-content\/uploads\/2021\/01\/130466-264x300.jpg 264w, https:\/\/turismodesamos.com\/wp-content\/uploads\/2021\/01\/130466.jpg 300w\" sizes=\"(max-width: 352px) 100vw, 352px\" \/><\/p><p>\u00a0<\/p>                    <\/div>\n\t\t        \n                    <div id=\"fiz-vergara-tab\" class=\"clearfix eael-tab-content-item inactive\" data-title-link=\"fiz-vergara-tab\">\n\t\t\t\t        <p style=\"text-align: left;\"><b>(1953-1997)<\/b><br \/>O poeta do pobo naceu en Santalla de L\u00f3uzara e deixa unha considerable obra po\u00e9tica que podemos disfrutar con sumo pracer. Fiz \u00e9 un poeta pertencente \u00e1 chamada xeraci\u00f3n dos &#8220;Nov\u00edsimos&#8221;.<img loading=\"lazy\" decoding=\"async\" class=\"wp-image-1973 aligncenter\" src=\"https:\/\/turismodesamos.com\/wp-content\/uploads\/2021\/01\/Fiz-Vergara-Vilarinho-213x300.jpg\" alt=\"\" width=\"256\" height=\"360\" srcset=\"https:\/\/turismodesamos.com\/wp-content\/uploads\/2021\/01\/Fiz-Vergara-Vilarinho-213x300.jpg 213w, https:\/\/turismodesamos.com\/wp-content\/uploads\/2021\/01\/Fiz-Vergara-Vilarinho.jpg 580w\" sizes=\"(max-width: 256px) 100vw, 256px\" \/><\/p><p>\u00a0<\/p>                    <\/div>\n\t\t        \n                    <div id=\"fundacin-o-noso-lar-tab\" class=\"clearfix eael-tab-content-item inactive\" data-title-link=\"fundacin-o-noso-lar-tab\">\n\t\t\t\t        <p style=\"text-align: left;\"><b>(1988-hoxe)<\/b><br \/>Xorde como froito da\u00a0<strong>Misi\u00f3n Compartida<\/strong> dun equipo de pastoral e veci\u00f1os dalgunhas parroquias do Concello de Samos, cun claro compromiso social, coma unha esixencia e resposta da fe. Os valores da hospitalidade, xenerosidade e gratuidade das xentes destes pobos, facilitaron e estimularon, en todo momento, a comunicaci\u00f3n e o di\u00e1logo, pod\u00e9ndose asentar con facilidade os piares do proxecto que chega ata os nosos d\u00edas.\u00a0<\/p><p><img loading=\"lazy\" decoding=\"async\" class=\"aligncenter wp-image-1987\" src=\"https:\/\/turismodesamos.com\/wp-content\/uploads\/2021\/01\/logo.png\" alt=\"\" width=\"281\" height=\"300\" \/><\/p>                    <\/div>\n\t\t                    <\/div>\n        <\/div>\n\t\t\t\t<\/div>\n\t\t\t\t<\/div>\n\t\t\t\t\t<\/div>\n\t\t<\/div>\n\t\t\t\t\t<\/div>\n\t\t<\/section>\n\t\t\t\t<section class=\"elementor-section elementor-top-section elementor-element elementor-element-9f0df89 elementor-section-boxed elementor-section-height-default elementor-section-height-default\" data-id=\"9f0df89\" data-element_type=\"section\">\n\t\t\t\t\t\t<div class=\"elementor-container elementor-column-gap-default\">\n\t\t\t\t\t<div class=\"elementor-column elementor-col-100 elementor-top-column elementor-element elementor-element-7117d46\" data-id=\"7117d46\" data-element_type=\"column\">\n\t\t\t<div class=\"elementor-widget-wrap\">\n\t\t\t\t\t\t\t<\/div>\n\t\t<\/div>\n\t\t\t\t\t<\/div>\n\t\t<\/section>\n\t\t\t\t<\/div>\n\t\t","protected":false},"excerpt":{"rendered":"<p>Para ler nun rati\u00f1o A Historia de Samos \u00e9 moi representativa da s\u00faa xeograf\u00eda, atop\u00e1monos un espazo dominado por dous vales (o de L\u00f3uzara e o de Samos) que te\u00f1en moi vencellada a historia natural da Galicia de Interior e a historia da Abad\u00eda respectivamente. Por suposto esta \u00e9 moito m\u00e1is preponderante debido \u00e1 importancia<br \/><a class=\"moretag\" href=\"https:\/\/turismodesamos.com\/en\/historia\/\">+ Read More<\/a><\/p>\n","protected":false},"author":2,"featured_media":2002,"parent":0,"menu_order":0,"comment_status":"closed","ping_status":"closed","template":"templates\/page-builder.php","meta":{"footnotes":""},"class_list":["post-1871","page","type-page","status-publish","has-post-thumbnail","hentry"],"_links":{"self":[{"href":"https:\/\/turismodesamos.com\/en\/wp-json\/wp\/v2\/pages\/1871","targetHints":{"allow":["GET"]}}],"collection":[{"href":"https:\/\/turismodesamos.com\/en\/wp-json\/wp\/v2\/pages"}],"about":[{"href":"https:\/\/turismodesamos.com\/en\/wp-json\/wp\/v2\/types\/page"}],"author":[{"embeddable":true,"href":"https:\/\/turismodesamos.com\/en\/wp-json\/wp\/v2\/users\/2"}],"replies":[{"embeddable":true,"href":"https:\/\/turismodesamos.com\/en\/wp-json\/wp\/v2\/comments?post=1871"}],"version-history":[{"count":78,"href":"https:\/\/turismodesamos.com\/en\/wp-json\/wp\/v2\/pages\/1871\/revisions"}],"predecessor-version":[{"id":2628,"href":"https:\/\/turismodesamos.com\/en\/wp-json\/wp\/v2\/pages\/1871\/revisions\/2628"}],"wp:featuredmedia":[{"embeddable":true,"href":"https:\/\/turismodesamos.com\/en\/wp-json\/wp\/v2\/media\/2002"}],"wp:attachment":[{"href":"https:\/\/turismodesamos.com\/en\/wp-json\/wp\/v2\/media?parent=1871"}],"curies":[{"name":"wp","href":"https:\/\/api.w.org\/{rel}","templated":true}]}}